{"id":3974,"date":"2023-03-03T05:22:30","date_gmt":"2023-03-03T04:22:30","guid":{"rendered":"https:\/\/www.lycee-valin.fr\/RJVALIN\/?page_id=3974"},"modified":"2023-07-09T04:33:03","modified_gmt":"2023-07-09T02:33:03","slug":"les-specialites-au-lycee-valin","status":"publish","type":"page","link":"https:\/\/www.lycee-valin.fr\/RJVALIN\/les-specialites-au-lycee-valin\/","title":{"rendered":"Les enseignements de sp\u00e9cialit\u00e9"},"content":{"rendered":"\n<div class=\"wp-block-columns alignwide is-layout-flex wp-container-core-columns-is-layout-9d6595d7 wp-block-columns-is-layout-flex\">\n<div class=\"wp-block-column has-text-color has-background has-link-color wp-elements-6a7704c4b6ac738b0c3c0be5c9046eb4 is-layout-flow wp-block-column-is-layout-flow\" style=\"color:#000000;background-color:#a9fafa;padding-top:2em;padding-right:2em;padding-bottom:2em;padding-left:2em\">\n<h2 class=\"wp-block-heading has-text-align-center\" id=\"single\" style=\"font-size:40px\"><strong>AMC<\/strong><\/h2>\n\n\n\n<p class=\"has-text-align-center has-normal-font-size\" style=\"line-height:1.5\">Anglais Monde Contemporain<\/p>\n\n\n\n<hr class=\"wp-block-separator has-text-color has-css-opacity has-background is-style-wide\" style=\"background-color:#000000;color:#000000\"\/>\n\n\n\n<p>L&#8217;enseignement de sp\u00e9cialit\u00e9 Anglais Monde Contemporain&nbsp;vise \u00e0 sensibiliser les \u00e9l\u00e8ves \u00e0 la diversit\u00e9 des soci\u00e9t\u00e9s et des cultures du monde anglophone<\/p>\n\n\n\n<div class=\"wp-block-buttons is-horizontal is-content-justification-center is-layout-flex wp-container-core-buttons-is-layout-499968f5 wp-block-buttons-is-layout-flex\">\n<div class=\"wp-block-button has-custom-width wp-block-button__width-100\"><a class=\"wp-block-button__link has-white-color has-text-color has-background no-border-radius wp-element-button\" href=\"https:\/\/www.lycee-valin.fr\/RJVALIN\/les-enseignements-de-specialite\/\" style=\"background-color:#000000\" target=\"_blank\" rel=\"noreferrer noopener\">Cliquer pour en savoir plus <\/a><\/div>\n<\/div>\n<\/div>\n\n\n\n<div class=\"wp-block-column has-vivid-cyan-blue-to-vivid-purple-gradient-background has-text-color has-background has-link-color wp-elements-fabe3517ddaff5243584e4e28c67b7ff is-layout-flow wp-block-column-is-layout-flow\" style=\"color:#000000;padding-top:2em;padding-right:2em;padding-bottom:2em;padding-left:2em\">\n<h2 class=\"wp-block-heading has-text-align-center\" id=\"single\" style=\"font-size:32px\"><strong>Arts plastiques<\/strong><\/h2>\n\n\n\n<hr class=\"wp-block-separator has-text-color has-css-opacity has-background is-style-wide\" style=\"background-color:#000000;color:#000000\"\/>\n\n\n\n<p>Cette sp\u00e9cialit\u00e9 couvre l&#8217;ensemble des domaines o\u00f9 s&#8217;inventent et se questionnent les formes.&nbsp;Dessin, peinture, sculpture, photographie, architecture, cr\u00e9ation num\u00e9rique&nbsp;rel\u00e8vent en effet du travail des arts plastiques.<\/p>\n\n\n\n<div class=\"wp-block-buttons is-horizontal is-content-justification-center is-layout-flex wp-container-core-buttons-is-layout-499968f5 wp-block-buttons-is-layout-flex\">\n<div class=\"wp-block-button has-custom-width wp-block-button__width-100\"><a class=\"wp-block-button__link has-white-color has-text-color has-background no-border-radius wp-element-button\" href=\"https:\/\/www.lycee-valin.fr\/RJVALIN\/specialite-arts-plastiques-cycle-terminal\/\" style=\"background-color:#000000\" target=\"_blank\" rel=\"noreferrer noopener\">Cliquer ici pour en savoir plus<\/a><\/div>\n<\/div>\n<\/div>\n\n\n\n<div class=\"wp-block-column has-text-color has-background has-link-color wp-elements-26e346054cb8619f0c0390952efd4677 is-layout-flow wp-block-column-is-layout-flow\" style=\"color:#000000;background-color:#aff595;padding-top:2em;padding-right:2em;padding-bottom:2em;padding-left:2em\">\n<h2 class=\"wp-block-heading has-text-align-center\" id=\"family\" style=\"font-size:40px\"><strong>HGGSP<\/strong><\/h2>\n\n\n\n<p class=\"has-text-align-center has-normal-font-size\" style=\"line-height:1.5\">Histoire-G\u00e9ographie G\u00e9opolitique Sciences Politiques.<\/p>\n\n\n\n<hr class=\"wp-block-separator has-text-color has-black-color has-alpha-channel-opacity has-black-background-color has-background is-style-wide\"\/>\n\n\n\n<p>Cette sp\u00e9cialit\u00e9 &nbsp;s&#8217;adresse aux \u00e9l\u00e8ves qui aiment comprendre le monde, suivent l&#8217;actualit\u00e9 et s&#8217;int\u00e9ressent \u00e0 la complexit\u00e9 des relations internationales.<\/p>\n\n\n\n<div class=\"wp-block-buttons is-horizontal is-content-justification-center is-layout-flex wp-container-core-buttons-is-layout-499968f5 wp-block-buttons-is-layout-flex\">\n<div class=\"wp-block-button has-custom-width wp-block-button__width-100 is-style-fill\"><a class=\"wp-block-button__link has-white-color has-text-color has-background no-border-radius wp-element-button\" href=\"https:\/\/www.lycee-valin.fr\/RJVALIN\/hggsp-histoire-geographie-geopolitique-sciences-politiques\/\" style=\"background-color:#000000\" target=\"_blank\" rel=\"noreferrer noopener\">Cliquer ici<\/a><\/div>\n<\/div>\n<\/div>\n\n\n\n<div class=\"wp-block-column has-text-color has-background has-link-color wp-elements-1f5367435c1717c24bf982ae5aa897c8 is-layout-flow wp-block-column-is-layout-flow\" style=\"color:#000000;background-color:#c57ef5;padding-top:2em;padding-right:2em;padding-bottom:2em;padding-left:2em\">\n<h2 class=\"wp-block-heading has-text-align-center\" id=\"patron\" style=\"font-size:25px\"><strong>Humanit\u00e9s, litt\u00e9rature et philosophie<\/strong><\/h2>\n\n\n\n<hr class=\"wp-block-separator has-text-color has-black-color has-alpha-channel-opacity has-black-background-color has-background is-style-wide\"\/>\n\n\n\n<p>&nbsp;La&nbsp;<em>sp\u00e9cialit\u00e9<\/em>&nbsp;HLP est une formation dans le domaine des lettres, de la&nbsp;<em>philosophie<\/em>&nbsp;et des sciences humaines.<\/p>\n\n\n\n<div class=\"wp-block-buttons is-horizontal is-content-justification-center is-layout-flex wp-container-core-buttons-is-layout-499968f5 wp-block-buttons-is-layout-flex\">\n<div class=\"wp-block-button has-custom-width wp-block-button__width-100\"><a class=\"wp-block-button__link has-white-color has-text-color has-background no-border-radius wp-element-button\" href=\"https:\/\/www.lycee-valin.fr\/RJVALIN\/humanites-litterature-et-philosophie\/\" style=\"background-color:#000000\" target=\"_blank\" rel=\"noreferrer noopener\">lien<\/a><\/div>\n<\/div>\n<\/div>\n<\/div>\n\n\n\n<div class=\"wp-block-columns alignwide is-layout-flex wp-container-core-columns-is-layout-9d6595d7 wp-block-columns-is-layout-flex\">\n<div class=\"wp-block-column has-text-color has-background has-link-color wp-elements-44fcc8bf97b6f72f829dbb0962deb460 is-layout-flow wp-block-column-is-layout-flow\" style=\"color:#000000;background-color:#77ddf4;padding-top:2em;padding-right:2em;padding-bottom:2em;padding-left:2em\">\n<h2 class=\"wp-block-heading has-text-align-center\" id=\"single\" style=\"font-size:40px\"><strong>LLCE<\/strong><\/h2>\n\n\n\n<p class=\"has-text-align-center has-normal-font-size\" style=\"line-height:1.5\">Langues Litt\u00e9ratures et Cultures \u00e9trang\u00e8res <\/p>\n\n\n\n<hr class=\"wp-block-separator has-text-color has-css-opacity has-background is-style-wide\" style=\"background-color:#000000;color:#000000\"\/>\n\n\n\n<p>La&nbsp;<strong>sp\u00e9cialit\u00e9 LLCE<\/strong> (anglais)&nbsp;vise \u00e0 enseigner une langue \u00e9trang\u00e8re ou r\u00e9gionale et \u00e0 comprendre la culture associ\u00e9e \u00e0 cette langue.<\/p>\n\n\n\n<div class=\"wp-block-buttons is-horizontal is-content-justification-center is-layout-flex wp-container-core-buttons-is-layout-499968f5 wp-block-buttons-is-layout-flex\">\n<div class=\"wp-block-button has-custom-width wp-block-button__width-100\"><a class=\"wp-block-button__link has-white-color has-text-color has-background no-border-radius wp-element-button\" href=\"https:\/\/www.lycee-valin.fr\/RJVALIN\/llce-anglais-langue-litterature-et-civilisation-etrangere\/\" style=\"background-color:#000000\" target=\"_blank\" rel=\"noreferrer noopener\">Link to go<\/a><\/div>\n<\/div>\n<\/div>\n\n\n\n<div class=\"wp-block-column has-text-color has-background has-link-color wp-elements-7e6c0986dafc7610ae98639f23d0d3e8 is-layout-flow wp-block-column-is-layout-flow\" style=\"color:#000000;background-color:#ef7d7d;padding-top:2em;padding-right:2em;padding-bottom:2em;padding-left:2em\">\n<h2 class=\"wp-block-heading has-text-align-center\" id=\"single\" style=\"font-size:24px\">Math\u00e9matiques<\/h2>\n\n\n\n<hr class=\"wp-block-separator has-text-color has-css-opacity has-background is-style-wide\" style=\"background-color:#000000;color:#000000\"\/>\n\n\n\n<p>Cette sp\u00e9cialit\u00e9 permet une orientation tr\u00e8s large dans le sup\u00e9rieur. Cette sp\u00e9cialit\u00e9 math\u00e9matiques repose sur trois axes principaux :&nbsp;alg\u00e8bre et g\u00e9om\u00e9trie, probabilit\u00e9s et statistiques, algorithmes et programmation<\/p>\n\n\n\n<div class=\"wp-block-buttons is-horizontal is-content-justification-center is-layout-flex wp-container-core-buttons-is-layout-499968f5 wp-block-buttons-is-layout-flex\">\n<div class=\"wp-block-button has-custom-width wp-block-button__width-100\"><a class=\"wp-block-button__link has-white-color has-text-color has-background no-border-radius wp-element-button\" href=\"https:\/\/www.lycee-valin.fr\/RJVALIN\/la-specialite-mathematiques-au-lycee-rene-josue-valin\/\" style=\"background-color:#000000\" target=\"_blank\" rel=\"noreferrer noopener\">Lien pour rejoindre la page<\/a><\/div>\n<\/div>\n<\/div>\n\n\n\n<div class=\"wp-block-column has-text-color has-background has-link-color wp-elements-4c01ea230847eb49c5aab6ddcf67e9d7 is-layout-flow wp-block-column-is-layout-flow\" style=\"color:#000000;background-color:#f498f4;padding-top:2em;padding-right:2em;padding-bottom:2em;padding-left:2em\">\n<h2 class=\"wp-block-heading has-text-align-center\" id=\"family\" style=\"font-size:40px\"><strong>NSI<\/strong><\/h2>\n\n\n\n<p class=\"has-text-align-center has-normal-font-size\" style=\"line-height:1.5\">Num\u00e9rique et Sciences Informatiques<\/p>\n\n\n\n<hr class=\"wp-block-separator has-text-color has-black-color has-alpha-channel-opacity has-black-background-color has-background is-style-wide\"\/>\n\n\n\n<p>Cette sp\u00e9cialit\u00e9 permet de comprendre les<strong> <\/strong>bases de la programmation pour \u00e9laborer des logiciels, des sites internet et des applications.<\/p>\n\n\n\n<div class=\"wp-block-buttons is-horizontal is-content-justification-center is-layout-flex wp-container-core-buttons-is-layout-499968f5 wp-block-buttons-is-layout-flex\">\n<div class=\"wp-block-button has-custom-width wp-block-button__width-100 is-style-fill\"><a class=\"wp-block-button__link has-white-color has-text-color has-background no-border-radius wp-element-button\" href=\"https:\/\/www.lycee-valin.fr\/RJVALIN\/nsi-numerique-et-sciences-informatiques\/\" style=\"background-color:#000000\" target=\"_blank\" rel=\"noreferrer noopener\">D\u00e9couvrir<\/a><\/div>\n<\/div>\n<\/div>\n\n\n\n<div class=\"wp-block-column has-text-color has-background has-link-color wp-elements-e90bf237542630dcb0b5f1fb639e3d3e is-layout-flow wp-block-column-is-layout-flow\" style=\"color:#000000;background-color:#b8f45f;padding-top:2em;padding-right:2em;padding-bottom:2em;padding-left:2em\">\n<h2 class=\"wp-block-heading has-text-align-center\" id=\"patron\" style=\"font-size:32px\"><strong>Physique Chimie<\/strong><\/h2>\n\n\n\n<hr class=\"wp-block-separator has-text-color has-black-color has-alpha-channel-opacity has-black-background-color has-background is-style-wide\"\/>\n\n\n\n<p>Cette&nbsp;<em>sp\u00e9cialit\u00e9 physique Chimie<\/em> accorde une place importante \u00e0 l&#8217;exp\u00e9rimentation et \u00e0 la formulation math\u00e9matique des lois physiques.<\/p>\n\n\n\n<div class=\"wp-block-buttons is-horizontal is-content-justification-center is-layout-flex wp-container-core-buttons-is-layout-499968f5 wp-block-buttons-is-layout-flex\">\n<div class=\"wp-block-button has-custom-width wp-block-button__width-100\"><a class=\"wp-block-button__link has-white-color has-text-color has-background no-border-radius wp-element-button\" href=\"https:\/\/www.lycee-valin.fr\/RJVALIN\/physique-chimie\/\" style=\"background-color:#000000\" target=\"_blank\" rel=\"noreferrer noopener\">Lien<\/a><\/div>\n<\/div>\n<\/div>\n<\/div>\n\n\n\n<div class=\"wp-block-columns alignwide is-layout-flex wp-container-core-columns-is-layout-9d6595d7 wp-block-columns-is-layout-flex\">\n<div class=\"wp-block-column has-yellow-background-color has-text-color has-background has-link-color wp-elements-797a1cc6ea750ceed55bc8cf70015a1e is-layout-flow wp-block-column-is-layout-flow\" style=\"color:#000000;padding-top:2em;padding-right:2em;padding-bottom:2em;padding-left:2em\">\n<h2 class=\"wp-block-heading has-text-align-center\" id=\"single\" style=\"font-size:40px\"><strong>SES<\/strong><\/h2>\n\n\n\n<p class=\"has-text-align-center has-normal-font-size\" style=\"line-height:1.5\">Sciences \u00c9conomiques et Sociales<\/p>\n\n\n\n<hr class=\"wp-block-separator has-text-color has-css-opacity has-background is-style-wide\" style=\"background-color:#000000;color:#000000\"\/>\n\n\n\n<p>La sp\u00e9cialit\u00e9 SES&nbsp;repose sur trois disciplines scientifiques :&nbsp;La science \u00e9conomique,&nbsp;La sociologie,&nbsp;La science politique.<\/p>\n\n\n\n<div class=\"wp-block-buttons is-horizontal is-content-justification-center is-layout-flex wp-container-core-buttons-is-layout-499968f5 wp-block-buttons-is-layout-flex\">\n<div class=\"wp-block-button has-custom-width wp-block-button__width-100\"><a class=\"wp-block-button__link has-white-color has-text-color has-background no-border-radius wp-element-button\" href=\"https:\/\/www.lycee-valin.fr\/RJVALIN\/sciences-economiques-et-sociales-2-2\/\" style=\"background-color:#000000\" target=\"_blank\" rel=\"noreferrer noopener\">lien vers la page<\/a><\/div>\n<\/div>\n<\/div>\n\n\n\n<div class=\"wp-block-column has-text-color has-background has-link-color wp-elements-e005619730c2fb268d7280b347b515a0 is-layout-flow wp-block-column-is-layout-flow\" style=\"color:#000000;background-color:#2894c6;padding-top:2em;padding-right:2em;padding-bottom:2em;padding-left:2em\">\n<h2 class=\"wp-block-heading has-text-align-center\" id=\"single\" style=\"font-size:40px\"><strong>SVT<\/strong><\/h2>\n\n\n\n<p class=\"has-text-align-center\">Sciences de la Vie et de la Terre<\/p>\n\n\n\n<hr class=\"wp-block-separator has-text-color has-css-opacity has-background is-style-wide\" style=\"background-color:#000000;color:#000000\"\/>\n\n\n\n<p>L\u2019objectif principale de cette <a href=\"https:\/\/www.studyrama.com\/formations\/diplomes\/bac\/premiere\/reforme-du-bac-quelles-specialites-choisir-des-la-1re-105101\">sp\u00e9cialit\u00e9<\/a>&nbsp;est de&nbsp;d\u00e9velopper la culture scientifique.<br>Trois grandes th\u00e9matiques&nbsp;en sont le fil conducteur : \u00ab&nbsp;La Terre, la vie et l\u2019\u00e9volution du vivant&nbsp;\u00bb&nbsp;; \u00ab&nbsp;Enjeux contemporains de la plan\u00e8te&nbsp;\u00bb et \u00ab&nbsp;Le corps humain et la sant\u00e9&nbsp;\u00bb.<\/p>\n\n\n\n<div class=\"wp-block-buttons is-horizontal is-content-justification-center is-layout-flex wp-container-core-buttons-is-layout-499968f5 wp-block-buttons-is-layout-flex\">\n<div class=\"wp-block-button has-custom-width wp-block-button__width-100\"><a class=\"wp-block-button__link has-white-color has-text-color has-background no-border-radius wp-element-button\" href=\"https:\/\/www.lycee-valin.fr\/RJVALIN\/sciences-de-la-vie-et-de-la-terre\/\" style=\"background-color:#000000\" target=\"_blank\" rel=\"noreferrer noopener\">Lien pour rejoindre la page<\/a><\/div>\n<\/div>\n<\/div>\n\n\n\n<div class=\"wp-block-column has-text-color has-background has-link-color wp-elements-257553d6c2d1c69d61aa22d327d21172 is-layout-flow wp-block-column-is-layout-flow\" style=\"color:#000000;background-color:#f558ed;padding-top:2em;padding-right:2em;padding-bottom:2em;padding-left:2em\">\n<h2 class=\"wp-block-heading has-text-align-center\" id=\"single\" style=\"font-size:35px\"><strong>TH\u00c9\u00c2TRE<\/strong><\/h2>\n\n\n\n<hr class=\"wp-block-separator has-text-color has-css-opacity has-background is-style-wide\" style=\"background-color:#000000;color:#000000\"\/>\n\n\n\n<p>La sp\u00e9cialit\u00e9 th\u00e9\u00e2tre offre&nbsp;quatre heures d\u2019enseignement en premi\u00e8re et six en terminale.&nbsp;Les \u00e9l\u00e8ves abordent le th\u00e9\u00e2tre sous ses trois aspects essentiels : travail de plateau, th\u00e9orie du th\u00e9\u00e2tre et pratique de spectateur.<\/p>\n\n\n\n<div class=\"wp-block-buttons is-horizontal is-content-justification-center is-layout-flex wp-container-core-buttons-is-layout-499968f5 wp-block-buttons-is-layout-flex\">\n<div class=\"wp-block-button has-custom-width wp-block-button__width-100\"><a class=\"wp-block-button__link has-white-color has-text-color has-background no-border-radius wp-element-button\" href=\"https:\/\/www.lycee-valin.fr\/RJVALIN\/theatre\/\" style=\"background-color:#000000\" target=\"_blank\" rel=\"noreferrer noopener\">Lien pour rejoindre la page<\/a><\/div>\n<\/div>\n<\/div>\n\n\n\n<div class=\"wp-block-column has-text-color has-background has-link-color wp-elements-713de70146051b1f6159c12e97b36206 is-layout-flow wp-block-column-is-layout-flow\" style=\"color:#000000;background-color:#03aaf7;padding-top:2em;padding-right:2em;padding-bottom:2em;padding-left:2em\">\n<h2 class=\"wp-block-heading has-text-align-center\" id=\"single\" style=\"font-size:40px\"><strong>STL<\/strong><\/h2>\n\n\n\n<p class=\"has-text-align-center\">SCIENCES ET TECHNOLOGIES DE LABORATOIRE<\/p>\n\n\n\n<hr class=\"wp-block-separator has-text-color has-css-opacity has-background is-style-wide\" style=\"background-color:#000000;color:#000000\"\/>\n\n\n\n<p class=\"has-small-font-size\">Convient aux \u00e9l\u00e8ves qui ont un go\u00fbt affirm\u00e9 pour les sciences du vivant, les manipulations et la d\u00e9marche exp\u00e9rimentale en laboratoire.<\/p>\n\n\n\n<div class=\"wp-block-buttons is-horizontal is-content-justification-center is-layout-flex wp-container-core-buttons-is-layout-499968f5 wp-block-buttons-is-layout-flex\">\n<div class=\"wp-block-button has-custom-width wp-block-button__width-100\"><a class=\"wp-block-button__link has-white-color has-text-color has-background no-border-radius wp-element-button\" href=\"https:\/\/www.lycee-valin.fr\/RJVALIN\/bac-stl-biotechnologies\/\" style=\"background-color:#000000\" target=\"_blank\" rel=\"noreferrer noopener\">En savoir +<\/a><\/div>\n<\/div>\n<\/div>\n<\/div>\n\n\n\n<div class=\"wp-block-columns alignwide is-layout-flex wp-container-core-columns-is-layout-9d6595d7 wp-block-columns-is-layout-flex\">\n<div class=\"wp-block-column has-text-color has-background has-link-color wp-elements-8440fa1731a5391f049107ec943b7168 is-layout-flow wp-block-column-is-layout-flow\" style=\"color:#000000;background-color:#f5d95c;padding-top:2em;padding-right:2em;padding-bottom:2em;padding-left:2em\">\n<h2 class=\"wp-block-heading has-text-align-center\" id=\"single\" style=\"font-size:40px\"><strong>ST2S<\/strong><\/h2>\n\n\n\n<p class=\"has-text-align-center has-small-font-size\" style=\"line-height:1.5\">SCIENCES et TECHNOLOGIES DE LA SANT\u00c9 et du SOCIAL&nbsp;<\/p>\n\n\n\n<hr class=\"wp-block-separator has-text-color has-css-opacity has-background is-style-wide\" style=\"background-color:#000000;color:#000000\"\/>\n\n\n\n<p>Le bac&nbsp;ST2S&nbsp;accueille les \u00e9l\u00e8ves souhaitant s&#8217;ins\u00e9rer dans les secteurs du social et du param\u00e9dical.<\/p>\n\n\n\n<div class=\"wp-block-buttons is-horizontal is-content-justification-center is-layout-flex wp-container-core-buttons-is-layout-499968f5 wp-block-buttons-is-layout-flex\">\n<div class=\"wp-block-button has-custom-width wp-block-button__width-100\"><a class=\"wp-block-button__link has-white-color has-text-color has-background no-border-radius wp-element-button\" href=\"https:\/\/www.lycee-valin.fr\/RJVALIN\/enseignement-technologique\/bac-st2s\/\" style=\"background-color:#000000\" target=\"_blank\" rel=\"noreferrer noopener\">lien vers la page<\/a><\/div>\n<\/div>\n<\/div>\n\n\n\n<div class=\"wp-block-column has-link-color wp-elements-7ec3a1ed51171fc4807fba900f778976 is-layout-flow wp-block-column-is-layout-flow\" style=\"padding-top:2em;padding-right:2em;padding-bottom:2em;padding-left:2em\">\n<div class=\"wp-block-buttons is-horizontal is-content-justification-center is-layout-flex wp-container-core-buttons-is-layout-499968f5 wp-block-buttons-is-layout-flex\"><\/div>\n<\/div>\n\n\n\n<div class=\"wp-block-column has-link-color wp-elements-3d62130b2077cdef25baa7c5e354334c is-layout-flow wp-block-column-is-layout-flow\" style=\"padding-top:2em;padding-right:2em;padding-bottom:2em;padding-left:2em\"><\/div>\n\n\n\n<div class=\"wp-block-column has-link-color wp-elements-7ec3a1ed51171fc4807fba900f778976 is-layout-flow wp-block-column-is-layout-flow\" style=\"padding-top:2em;padding-right:2em;padding-bottom:2em;padding-left:2em\">\n<div class=\"wp-block-buttons is-horizontal is-content-justification-center is-layout-flex wp-container-core-buttons-is-layout-499968f5 wp-block-buttons-is-layout-flex\"><\/div>\n<\/div>\n<\/div>\n\n\n\n<hr class=\"wp-block-separator has-alpha-channel-opacity\"\/>\n\n\n\n<p>Liens des articles li\u00e9s \u00e0 cette cat\u00e9gorie<\/p>\n\n\n<ul class=\"wp-block-latest-posts__list has-dates has-author wp-block-latest-posts\"><li><a class=\"wp-block-latest-posts__post-title\" href=\"https:\/\/www.lycee-valin.fr\/RJVALIN\/workshop-performance-avec-seobin-park-artiste-terms-spe-arts-plastiques\/\">Workshop performance avec Seobin Park &#8211; artiste. Terms. sp\u00e9. arts plastiques<\/a><div class=\"wp-block-latest-posts__post-author\">par Stephanie Catherine-Duchemin<\/div><time datetime=\"2025-02-06T19:51:30+01:00\" class=\"wp-block-latest-posts__post-date\">6 f\u00e9vrier 2025<\/time><\/li>\n<li><a class=\"wp-block-latest-posts__post-title\" href=\"https:\/\/www.lycee-valin.fr\/RJVALIN\/par-le-vent-soufflent-miseres-et-merveilles-une-exposition-de-barbara-kairos-chapelle-des-dames-blanches-tour-de-la-chaine\/\">Par le vent soufflent mis\u00e8res et merveilles\u00a0&#8211; une exposition de Barbara Kairos (Chapelle des Dames Blanches &#8211; Tour de la Chaine)<\/a><div class=\"wp-block-latest-posts__post-author\">par ronan marec<\/div><time datetime=\"2024-12-29T14:40:32+01:00\" class=\"wp-block-latest-posts__post-date\">29 d\u00e9cembre 2024<\/time><\/li>\n<li><a class=\"wp-block-latest-posts__post-title\" href=\"https:\/\/www.lycee-valin.fr\/RJVALIN\/quelques-visuels-de-travaux-de-terminale-specialite-arts-plastiques-gr1-2023-24\/\">Quelques visuels de travaux de terminale sp\u00e9cialit\u00e9 arts plastiques Gr1 2023-24<\/a><div class=\"wp-block-latest-posts__post-author\">par Stephanie Catherine-Duchemin<\/div><time datetime=\"2024-07-09T19:07:01+02:00\" class=\"wp-block-latest-posts__post-date\">9 juillet 2024<\/time><\/li>\n<li><a class=\"wp-block-latest-posts__post-title\" href=\"https:\/\/www.lycee-valin.fr\/RJVALIN\/sorienter-avec-la-spe-hggsp\/\">S&#8217;orienter avec la Sp\u00e9 HGGSP<\/a><div class=\"wp-block-latest-posts__post-author\">par Jean-Louis Bonnafous<\/div><time datetime=\"2023-01-15T21:31:28+01:00\" class=\"wp-block-latest-posts__post-date\">15 janvier 2023<\/time><\/li>\n<li><a class=\"wp-block-latest-posts__post-title\" href=\"https:\/\/www.lycee-valin.fr\/RJVALIN\/jentre-en-spe-hggsp-premiere\/\">J&#8217;entre en Sp\u00e9 HGGSP Premi\u00e8re<\/a><div class=\"wp-block-latest-posts__post-author\">par Jean-Louis Bonnafous<\/div><time datetime=\"2022-09-28T20:05:18+02:00\" class=\"wp-block-latest-posts__post-date\">28 septembre 2022<\/time><\/li>\n<\/ul>\n\n<form role=\"search\" method=\"get\" action=\"https:\/\/www.lycee-valin.fr\/RJVALIN\/\" class=\"wp-block-search__button-outside wp-block-search__icon-button wp-block-search\"    ><label class=\"wp-block-search__label\" for=\"wp-block-search__input-1\" >Rechercher un article<\/label><div class=\"wp-block-search__inside-wrapper\" ><input class=\"wp-block-search__input\" id=\"wp-block-search__input-1\" placeholder=\"\" value=\"\" type=\"search\" name=\"s\" required \/><button aria-label=\"Rechercher\" class=\"wp-block-search__button has-icon wp-element-button\" type=\"submit\" ><svg class=\"search-icon\" viewBox=\"0 0 24 24\" width=\"24\" height=\"24\">\n\t\t\t\t\t<path d=\"M13 5c-3.3 0-6 2.7-6 6 0 1.4.5 2.7 1.3 3.7l-3.8 3.8 1.1 1.1 3.8-3.8c1 .8 2.3 1.3 3.7 1.3 3.3 0 6-2.7 6-6S16.3 5 13 5zm0 10.5c-2.5 0-4.5-2-4.5-4.5s2-4.5 4.5-4.5 4.5 2 4.5 4.5-2 4.5-4.5 4.5z\"><\/path>\n\t\t\t\t<\/svg><\/button><\/div><\/form><div class='watch-action'><div class='watch-position align-left'><div class='action-like'><a class='lbg-style3 like-3974 jlk' href='javascript:void(0)' data-task='like' data-post_id='3974' data-nonce='6a8f42ef85' rel='nofollow'><img class='wti-pixel' src='https:\/\/www.lycee-valin.fr\/RJVALIN\/wp-content\/plugins\/wti-like-post\/images\/pixel.gif' title='j&#039;aime' \/><span class='lc-3974 lc'>0<\/span><\/a><\/div><\/div> <div class='status-3974 status align-left'><\/div><\/div><div class='wti-clear'><\/div>","protected":false},"excerpt":{"rendered":"<p>AMC Anglais Monde Contemporain L&#8217;enseignement de sp\u00e9cialit\u00e9 Anglais Monde Contemporain&nbsp;vise \u00e0 sensibiliser les \u00e9l\u00e8ves \u00e0 la diversit\u00e9 des soci\u00e9t\u00e9s et des cultures du monde anglophone Arts plastiques Cette sp\u00e9cialit\u00e9 couvre l&#8217;ensemble des domaines o\u00f9 s&#8217;inventent <a class=\"more-link\" href=\"https:\/\/www.lycee-valin.fr\/RJVALIN\/les-specialites-au-lycee-valin\/\">Lire plus &#8230;<\/a><\/p>\n","protected":false},"author":1,"featured_media":0,"parent":0,"menu_order":0,"comment_status":"closed","ping_status":"closed","template":"","meta":{"footnotes":""},"class_list":["post-3974","page","type-page","status-publish","hentry"],"_links":{"self":[{"href":"https:\/\/www.lycee-valin.fr\/RJVALIN\/wp-json\/wp\/v2\/pages\/3974","targetHints":{"allow":["GET"]}}],"collection":[{"href":"https:\/\/www.lycee-valin.fr\/RJVALIN\/wp-json\/wp\/v2\/pages"}],"about":[{"href":"https:\/\/www.lycee-valin.fr\/RJVALIN\/wp-json\/wp\/v2\/types\/page"}],"author":[{"embeddable":true,"href":"https:\/\/www.lycee-valin.fr\/RJVALIN\/wp-json\/wp\/v2\/users\/1"}],"replies":[{"embeddable":true,"href":"https:\/\/www.lycee-valin.fr\/RJVALIN\/wp-json\/wp\/v2\/comments?post=3974"}],"version-history":[{"count":34,"href":"https:\/\/www.lycee-valin.fr\/RJVALIN\/wp-json\/wp\/v2\/pages\/3974\/revisions"}],"predecessor-version":[{"id":4904,"href":"https:\/\/www.lycee-valin.fr\/RJVALIN\/wp-json\/wp\/v2\/pages\/3974\/revisions\/4904"}],"wp:attachment":[{"href":"https:\/\/www.lycee-valin.fr\/RJVALIN\/wp-json\/wp\/v2\/media?parent=3974"}],"curies":[{"name":"wp","href":"https:\/\/api.w.org\/{rel}","templated":true}]}}