{"id":3910,"date":"2023-02-06T14:47:19","date_gmt":"2023-02-06T13:47:19","guid":{"rendered":"https:\/\/www.lycee-valin.fr\/RJVALIN\/?page_id=3910"},"modified":"2023-02-06T14:55:31","modified_gmt":"2023-02-06T13:55:31","slug":"le-plaisir-de-lire","status":"publish","type":"page","link":"https:\/\/www.lycee-valin.fr\/RJVALIN\/le-plaisir-de-lire\/","title":{"rendered":"Le plaisir de lire"},"content":{"rendered":"\n<p><\/p>\n\n\n\n<p class=\"has-black-color has-text-color\" style=\"font-style:normal;font-weight:700\">D&#8217;octobre \u00e0 d\u00e9cembre, avec le pr\u00e9cieux concours des documentalistes, tous les \u00e9l\u00e8ves de seconde b\u00e9n\u00e9ficient d&#8217;un temps de lecture, organis\u00e9 sur les cr\u00e9neaux d&#8217;accompagnement personnalis\u00e9, sous la houlette d&#8217;enseignant.e.s de lettres d\u00e9sirant d\u00e9fendre cette grande cause nationale.<\/p>\n\n\n\n<p class=\"has-black-color has-text-color\">Deux s\u00e9ances d&#8217;une heure pour chaque demi-classe se d\u00e9roulent au CDI : les \u00e9l\u00e8ves sont invit\u00e9.e.s \u00e0 ouvrir des livres et \u00e0 lire au moins les premi\u00e8res pages. Une s\u00e9lection a pr\u00e9alablement \u00e9t\u00e9 \u00e9labor\u00e9e par les documentalistes et les genres propos\u00e9s sont extr\u00eamement vari\u00e9s : essais (histoire, g\u00e9ographie, sciences, arts), romans, th\u00e9\u00e2tre, po\u00e9sie et romans graphiques. Le but est de donner du temps \u00e0 l&#8217;\u00e9l\u00e8ve, de lui laisser mener sa propre aventure, avec ses bonnes et mauvaises rencontres, et de lui donner l&#8217;occasion de d\u00e9couvrir la vari\u00e9t\u00e9 et la richesse des livres disponibles au CDI.<\/p>\n\n\n\n<p class=\"has-black-color has-text-color\">Une troisi\u00e8me heure est consacr\u00e9e \u00e0 un bilan de cette exp\u00e9rience et \u00e0 une r\u00e9flexion sur la lecture (son r\u00f4le, ses conditions, son \u00e9volution au cours d&#8217;une vie, ses repr\u00e9sentations) ; cette derni\u00e8re s\u00e9ance permet \u00e9galement de saisir les enjeux d&#8217;une partie de l&#8217;\u00e9preuve orale de fran\u00e7ais en premi\u00e8re, o\u00f9 un candidat.e doit communiquer une exp\u00e9rience de lecture personnelle en d\u00e9fendant une \u0153uvre de son choix.<\/p>\n\n\n\n<p class=\"has-black-color has-text-color\">Au CDI, certains groupes ont l\u2019obligation d\u2019emprunter au terme des s\u00e9ances, et leurs choix se r\u00e9v\u00e8lent toujours tr\u00e8s vari\u00e9s. D&#8217;autres sont libres de le faire ou pas, et dans ce cas, plus de 50 % des \u00e9l\u00e8ves ont emprunt\u00e9 un ouvrage.<\/p>\n\n\n\n<figure class=\"wp-block-image size-large\"><img fetchpriority=\"high\" decoding=\"async\" width=\"1024\" height=\"709\" src=\"https:\/\/www.lycee-valin.fr\/RJVALIN\/wp-content\/uploads\/2023\/02\/AP-atelier-2-au-CDI-1-1024x709.jpg\" alt=\"\" class=\"wp-image-3915\" srcset=\"https:\/\/www.lycee-valin.fr\/RJVALIN\/wp-content\/uploads\/2023\/02\/AP-atelier-2-au-CDI-1-1024x709.jpg 1024w, https:\/\/www.lycee-valin.fr\/RJVALIN\/wp-content\/uploads\/2023\/02\/AP-atelier-2-au-CDI-1-300x208.jpg 300w, https:\/\/www.lycee-valin.fr\/RJVALIN\/wp-content\/uploads\/2023\/02\/AP-atelier-2-au-CDI-1-768x531.jpg 768w, https:\/\/www.lycee-valin.fr\/RJVALIN\/wp-content\/uploads\/2023\/02\/AP-atelier-2-au-CDI-1.jpg 1500w\" sizes=\"(max-width: 1024px) 100vw, 1024px\" \/><\/figure>\n\n\n\n<p><strong>Pour la majorit\u00e9 des \u00e9l\u00e8ves de seconde<\/strong><\/p>\n\n\n\n<p class=\"has-black-color has-cool-to-warm-spectrum-gradient-background has-text-color has-background\">\u00ab Cela fait du bien d&#8217;avoir une coupure dans la journ\u00e9e o\u00f9 on peut lire des livres au calme.\u00bb<\/p>\n\n\n\n<p class=\"has-black-color has-cool-to-warm-spectrum-gradient-background has-text-color has-background\">\u00ab Cela fait du bien de se poser , de se d\u00e9tendre, de se d\u00e9stresser. \u00bb<\/p>\n\n\n\n<p class=\"has-black-color has-cool-to-warm-spectrum-gradient-background has-text-color has-background\">\u00ab Je n&#8217;ai pas le temps de lire ; cela m&#8217;a permis de m&#8217;y remettre un peu. \u00bb<\/p>\n\n\n\n<p class=\"has-black-color has-cool-to-warm-spectrum-gradient-background has-text-color has-background\">\u00ab Une bonne exp\u00e9rience : passer une heure \u00e0 lire au lieu d\u2019\u00eatre en cours, c\u2019est g\u00e9nial ! \u00bb<\/p>\n\n\n\n<p class=\"has-black-color has-cool-to-warm-spectrum-gradient-background has-text-color has-background\">\u00ab Cela nous a permis de bien nous concentrer et de d\u00e9couvrir des romans que l\u2019on appr\u00e9cie &#8230;ou pas. \u00bb<\/p>\n\n\n\n<p class=\"has-black-color has-cool-to-warm-spectrum-gradient-background has-text-color has-background\">\u00ab Cela nous a permis de d\u00e9couvrir des \u0153uvres que nous n\u2019avons pas forc\u00e9ment l\u2019habitude de lire. \u00bb<\/p>\n\n\n\n<p class=\"has-black-color has-cool-to-warm-spectrum-gradient-background has-text-color has-background\">\u00ab On a plus de libert\u00e9. \u00bb \u00ab On avait carte blanche pour choisir les livres. \u00bb<\/p>\n\n\n\n<p class=\"has-black-color has-cool-to-warm-spectrum-gradient-background has-text-color has-background\">\u00ab Pour une fois, j\u2019ai pu m\u2019ouvrir \u00e0 des lectures vari\u00e9es. C\u2019est amusant. \u00bb<\/p>\n\n\n\n<p class=\"has-black-color has-cool-to-warm-spectrum-gradient-background has-text-color has-background\">\u00ab Aussi cela m\u2019a permis de reprendre un peu le go\u00fbt de lire. \u00bb<\/p>\n\n\n\n<p class=\"has-black-color has-cool-to-warm-spectrum-gradient-background has-text-color has-background\">\u00ab J\u2019ai appr\u00e9ci\u00e9 ces s\u00e9ances car ce n\u2019est pas quelque chose que je fais quotidiennement chez moi. \u00bb<\/p>\n\n\n\n<p class=\"has-black-color has-cool-to-warm-spectrum-gradient-background has-text-color has-background\">\u00ab Quand on est avec quelqu&#8217;un, cela donne plus envie de lire, puisque les personnes d&#8217;\u00e0 c\u00f4t\u00e9 lisent, on va aussi vouloir lire. \u00bb<\/p>\n\n\n\n<p class=\"has-black-color has-cool-to-warm-spectrum-gradient-background has-text-color has-background\">\u00ab Cela nous a permis de prendre du temps pour lire.\u00bb<\/p>\n\n\n\n<p class=\"has-black-color has-cool-to-warm-spectrum-gradient-background has-text-color has-background\">\u00ab J\u2019ai mieux d\u00e9couvert le CDI\u2026 sinon, je n\u2019y serais jamais entr\u00e9. \u00bb<\/p>\n\n\n\n<p class=\"has-black-color has-cool-to-warm-spectrum-gradient-background has-text-color has-background\">\u00ab Je ne pensais pas que dans le CDI on pouvait trouver autant de livres avec des sujets aussi vastes et vari\u00e9s.\u00bb<\/p>\n\n\n\n<p class=\"has-black-color has-cool-to-warm-spectrum-gradient-background has-text-color has-background\">\u00ab Cela m\u2019a permis de lire un roman que je voulais d\u00e9couvrir sans en avoir eu l\u2019occasion. \u00bb<\/p>\n\n\n\n<p class=\"has-black-color has-cool-to-warm-spectrum-gradient-background has-text-color has-background\">\u00ab Ce serait bien d\u2019avoir au moins une heure toutes les semaines pour lire. \u00bb<\/p>\n\n\n\n<p><strong>Mais pour quelques uns<\/strong><\/p>\n\n\n\n<p class=\"has-blush-light-purple-gradient-background has-background\">\u00ab Je n\u2019ai pas trop aim\u00e9 car on devait lire des \u0153uvres dans le cadre d\u2019une s\u00e9lection qui nous \u00e9tait impos\u00e9e. \u00bb<\/p>\n\n\n\n<p class=\"has-blush-light-purple-gradient-background has-background\">\u00ab Je n\u2019ai pas trouv\u00e9 de livres \u00e0 mon go\u00fbt. \u00bb<\/p>\n\n\n\n<p class=\"has-blush-light-purple-gradient-background has-background\">\u00ab C&#8217;\u00e9tait long. \u00bb<\/p>\n\n\n\n<p class=\"has-blush-light-purple-gradient-background has-background\">\u00ab Je n&#8217;aime pas lire avec du monde autour de moi, je n&#8217;arrive pas \u00e0 me plonger dans l&#8217;univers du livre, j&#8217;ai du mal \u00e0 me concentrer. \u00bb<\/p>\n\n\n\n<p class=\"has-blush-light-purple-gradient-background has-background\">\u00ab Lire n&#8217;est pas forc\u00e9ment mon activit\u00e9 favorite chez moi, donc au lyc\u00e9e, c&#8217;est encore pire.\u00bb<\/p>\n\n\n\n<p>Pour l\u2019\u00e9quipe de lettres<\/p>\n\n\n\n<p><a href=\"https:\/\/www.lycee-valin.fr\/RJVALIN\/lettres\/\">Retour page &#8220;Lettres&#8221;<\/a><\/p>\n<div class='watch-action'><div class='watch-position align-left'><div class='action-like'><a class='lbg-style3 like-3910 jlk' href='javascript:void(0)' data-task='like' data-post_id='3910' data-nonce='2bd788b82a' rel='nofollow'><img class='wti-pixel' src='https:\/\/www.lycee-valin.fr\/RJVALIN\/wp-content\/plugins\/wti-like-post\/images\/pixel.gif' title='j&#039;aime' \/><span class='lc-3910 lc'>0<\/span><\/a><\/div><\/div> <div class='status-3910 status align-left'><\/div><\/div><div class='wti-clear'><\/div>","protected":false},"excerpt":{"rendered":"<p>D&#8217;octobre \u00e0 d\u00e9cembre, avec le pr\u00e9cieux concours des documentalistes, tous les \u00e9l\u00e8ves de seconde b\u00e9n\u00e9ficient d&#8217;un temps de lecture, organis\u00e9 sur les cr\u00e9neaux d&#8217;accompagnement personnalis\u00e9, sous la houlette d&#8217;enseignant.e.s de lettres d\u00e9sirant d\u00e9fendre cette grande <a class=\"more-link\" href=\"https:\/\/www.lycee-valin.fr\/RJVALIN\/le-plaisir-de-lire\/\">Lire plus &#8230;<\/a><\/p>\n","protected":false},"author":32,"featured_media":0,"parent":0,"menu_order":0,"comment_status":"closed","ping_status":"closed","template":"","meta":{"footnotes":""},"class_list":["post-3910","page","type-page","status-publish","hentry"],"_links":{"self":[{"href":"https:\/\/www.lycee-valin.fr\/RJVALIN\/wp-json\/wp\/v2\/pages\/3910","targetHints":{"allow":["GET"]}}],"collection":[{"href":"https:\/\/www.lycee-valin.fr\/RJVALIN\/wp-json\/wp\/v2\/pages"}],"about":[{"href":"https:\/\/www.lycee-valin.fr\/RJVALIN\/wp-json\/wp\/v2\/types\/page"}],"author":[{"embeddable":true,"href":"https:\/\/www.lycee-valin.fr\/RJVALIN\/wp-json\/wp\/v2\/users\/32"}],"replies":[{"embeddable":true,"href":"https:\/\/www.lycee-valin.fr\/RJVALIN\/wp-json\/wp\/v2\/comments?post=3910"}],"version-history":[{"count":5,"href":"https:\/\/www.lycee-valin.fr\/RJVALIN\/wp-json\/wp\/v2\/pages\/3910\/revisions"}],"predecessor-version":[{"id":3924,"href":"https:\/\/www.lycee-valin.fr\/RJVALIN\/wp-json\/wp\/v2\/pages\/3910\/revisions\/3924"}],"wp:attachment":[{"href":"https:\/\/www.lycee-valin.fr\/RJVALIN\/wp-json\/wp\/v2\/media?parent=3910"}],"curies":[{"name":"wp","href":"https:\/\/api.w.org\/{rel}","templated":true}]}}