{"id":357,"date":"2022-05-26T07:04:43","date_gmt":"2022-05-26T05:04:43","guid":{"rendered":"https:\/\/www.lycee-valin.fr\/RJVALIN\/?page_id=357"},"modified":"2023-07-08T04:17:41","modified_gmt":"2023-07-08T02:17:41","slug":"visite-du-lycee-valin","status":"publish","type":"page","link":"https:\/\/www.lycee-valin.fr\/RJVALIN\/visite-du-lycee-valin\/","title":{"rendered":"Visite du lyc\u00e9e VALIN"},"content":{"rendered":"\n<hr class=\"wp-block-separator has-alpha-channel-opacity\"\/>\n\n\n\n<h4 class=\"wp-block-heading has-text-align-left\" id=\"carte-identit\u00e9\"><strong>Carte d&#8217;identit\u00e9 du Lyc\u00e9e Ren\u00e9-Josu\u00e9 VALIN<\/strong><\/h4>\n\n\n\n<p><\/p>\n\n\n<div class=\"h5p-iframe-wrapper\"><iframe id=\"h5p-iframe-6\" class=\"h5p-iframe\" data-content-id=\"6\" style=\"height:1px\" src=\"about:blank\" frameBorder=\"0\" scrolling=\"no\" title=\"Carte d&#039;identit\u00e9 du lyc\u00e9e Valin\"><\/iframe><\/div>\n\n\n\n<hr class=\"wp-block-separator has-alpha-channel-opacity\"\/>\n\n\n\n<h4 class=\"wp-block-heading\" id=\"survol\"><strong>Survol du lyc\u00e9e Valin<\/strong><\/h4>\n\n\n\n<figure class=\"wp-block-embed is-type-video is-provider-youtube wp-block-embed-youtube wp-embed-aspect-16-9 wp-has-aspect-ratio\"><div class=\"wp-block-embed__wrapper\">\n<iframe title=\"Lyc\u00e9e Valin\" width=\"540\" height=\"304\" src=\"https:\/\/www.youtube.com\/embed\/nZk9BvhRqGY?feature=oembed\" frameborder=\"0\" allow=\"accelerometer; autoplay; clipboard-write; encrypted-media; gyroscope; picture-in-picture; web-share\" referrerpolicy=\"strict-origin-when-cross-origin\" allowfullscreen><\/iframe>\n<\/div><\/figure>\n\n\n\n<hr class=\"wp-block-separator has-alpha-channel-opacity\"\/>\n\n\n\n<h4 class=\"wp-block-heading\"><strong>Visite interactive en 360\u00b0 du lyc\u00e9e Valin<\/strong><\/h4>\n\n\n<div class=\"h5p-iframe-wrapper\"><iframe id=\"h5p-iframe-2\" class=\"h5p-iframe\" data-content-id=\"2\" style=\"height:1px\" src=\"about:blank\" frameBorder=\"0\" scrolling=\"no\" title=\"Visite virtuelle du lyc\u00e9e VALIN\"><\/iframe><\/div>\n\n\n\n<hr class=\"wp-block-separator has-alpha-channel-opacity\"\/>\n\n\n\n<h4 class=\"wp-block-heading\" id=\"localisation\"><strong>Localisation<\/strong> <strong>du lyc\u00e9e Valin<\/strong><\/h4>\n\n\n\n<iframe src=\"https:\/\/www.google.com\/maps\/embed?pb=!1m16!1m12!1m3!1d2763.7613252303872!2d-1.1382711986767249!3d46.15549864496697!2m3!1f0!2f0!3f0!3m2!1i1024!2i768!4f13.1!2m1!1slyc%C3%A9e%20valin!5e0!3m2!1sfr!2sfr!4v1655172862992!5m2!1sfr!2sfr\" style=\"border:0;\" allowfullscreen=\"\" loading=\"lazy\" referrerpolicy=\"no-referrer-when-downgrade\" width=\"800\" height=\"450\"><\/iframe>\n\n\n\n<hr class=\"wp-block-separator has-alpha-channel-opacity\"\/>\n\n\n\n<hr class=\"wp-block-separator has-alpha-channel-opacity\"\/>\n\n\n\n<p>Liens des articles li\u00e9s \u00e0 cette cat\u00e9gorie<\/p>\n\n\n<ul class=\"wp-block-latest-posts__list has-dates has-author wp-block-latest-posts\"><li><a class=\"wp-block-latest-posts__post-title\" href=\"https:\/\/www.lycee-valin.fr\/RJVALIN\/fete-des-biotechnolgies-2026-3eme-edition\/\">F\u00eate de la Biotechnologie : 3\u00e8me \u00e9dition du 23 avril 2026!<\/a><div class=\"wp-block-latest-posts__post-author\">par WILFRID GROSSIN<\/div><time datetime=\"2026-04-25T11:07:09+02:00\" class=\"wp-block-latest-posts__post-date\">25 avril 2026<\/time><\/li>\n<li><a class=\"wp-block-latest-posts__post-title\" href=\"https:\/\/www.lycee-valin.fr\/RJVALIN\/un-escape-game-et-un-quiz-pour-celebrer-leurope-malgre-le-vent\/\">Un Escape Game et un Quiz pour c\u00e9l\u00e9brer l\u2019Europe, malgr\u00e9 le vent !<\/a><div class=\"wp-block-latest-posts__post-author\">par heiko mueller<\/div><time datetime=\"2026-03-20T09:28:46+01:00\" class=\"wp-block-latest-posts__post-date\">20 mars 2026<\/time><\/li>\n<li><a class=\"wp-block-latest-posts__post-title\" href=\"https:\/\/www.lycee-valin.fr\/RJVALIN\/%e2%9c%a8-quand-un-ancien-etudiant-de-bts-bioac-revient-partager-son-parcours-avec-la-nouvelle-generation\/\">\u2728 Quand un ancien \u00e9tudiant de BTS BioAC revient partager son parcours avec la nouvelle g\u00e9n\u00e9ration\u2026<\/a><div class=\"wp-block-latest-posts__post-author\">par WILFRID GROSSIN<\/div><time datetime=\"2026-03-11T20:54:07+01:00\" class=\"wp-block-latest-posts__post-date\">11 mars 2026<\/time><\/li>\n<li><a class=\"wp-block-latest-posts__post-title\" href=\"https:\/\/www.lycee-valin.fr\/RJVALIN\/la-classe-de-s05-a-la-rencontre-du-roman-maneges-et-de-son-adaptation-cinematographique\/\">La classe de S05 \u00e0 la rencontre du roman &#8220;Man\u00e8ges&#8221; et de son adaptation cin\u00e9matographique<\/a><div class=\"wp-block-latest-posts__post-author\">par WILFRID GROSSIN<\/div><time datetime=\"2026-03-04T19:48:46+01:00\" class=\"wp-block-latest-posts__post-date\">4 mars 2026<\/time><\/li>\n<li><a class=\"wp-block-latest-posts__post-title\" href=\"https:\/\/www.lycee-valin.fr\/RJVALIN\/%e2%9c%a8-decouverte-des-coulisses-de-la-qualite-et-de-laccreditation-des-laboratoires-par-les-bts-bioalc2\/\">\u2728 D\u00e9couverte des coulisses de la qualit\u00e9 et de l\u2019accr\u00e9ditation des laboratoires par les BTS BioALC2<\/a><div class=\"wp-block-latest-posts__post-author\">par WILFRID GROSSIN<\/div><time datetime=\"2026-02-26T16:49:00+01:00\" class=\"wp-block-latest-posts__post-date\">26 f\u00e9vrier 2026<\/time><\/li>\n<li><a class=\"wp-block-latest-posts__post-title\" href=\"https:\/\/www.lycee-valin.fr\/RJVALIN\/un-grand-realisateur-et-deux-realisateurs-en-herbe-a-lhonneur-pour-cette-3eme-seance-du-cine-club\/\">\ud83c\udfacUn grand r\u00e9alisateur et deux r\u00e9alisateurs en herbe \u00e0 l&#8217;honneur pour cette 3\u00e8me s\u00e9ance du cin\u00e9-club<\/a><div class=\"wp-block-latest-posts__post-author\">par WILFRID GROSSIN<\/div><time datetime=\"2026-02-10T17:18:21+01:00\" class=\"wp-block-latest-posts__post-date\">10 f\u00e9vrier 2026<\/time><\/li>\n<li><a class=\"wp-block-latest-posts__post-title\" href=\"https:\/\/www.lycee-valin.fr\/RJVALIN\/quand-la-beaute-et-le-bien-etre-devient-un-lien-entre-generations\/\">Quand la beaut\u00e9 et le bien-\u00eatre devient un lien entre g\u00e9n\u00e9rations !<\/a><div class=\"wp-block-latest-posts__post-author\">par Adeline AFONSO<\/div><time datetime=\"2026-01-27T17:45:56+01:00\" class=\"wp-block-latest-posts__post-date\">27 janvier 2026<\/time><\/li>\n<li><a class=\"wp-block-latest-posts__post-title\" href=\"https:\/\/www.lycee-valin.fr\/RJVALIN\/%f0%9f%8e%acbigger-than-us-au-cine-club-de-valin\/\">\ud83c\udfac&#8221;Bigger than us&#8221; au cin\u00e9-club de Valin<\/a><div class=\"wp-block-latest-posts__post-author\">par WILFRID GROSSIN<\/div><time datetime=\"2025-12-15T20:12:09+01:00\" class=\"wp-block-latest-posts__post-date\">15 d\u00e9cembre 2025<\/time><\/li>\n<li><a class=\"wp-block-latest-posts__post-title\" href=\"https:\/\/www.lycee-valin.fr\/RJVALIN\/celebration-des-120-ans-de-la-loi-de-1905\/\">C\u00e9l\u00e9bration des 120 ans de la loi de 1905<\/a><div class=\"wp-block-latest-posts__post-author\">par Charlotte DAVID<\/div><time datetime=\"2025-12-11T16:50:14+01:00\" class=\"wp-block-latest-posts__post-date\">11 d\u00e9cembre 2025<\/time><\/li>\n<li><a class=\"wp-block-latest-posts__post-title\" href=\"https:\/\/www.lycee-valin.fr\/RJVALIN\/%f0%9f%92%8a-partenariat-ecole-entreprise-rencontre-avec-allis-na-au-lycee-valin\/\">\ud83d\udc8a Partenariat \u00c9cole-Entreprise : rencontre avec ALLIS-NA au lyc\u00e9e Valin<\/a><div class=\"wp-block-latest-posts__post-author\">par WILFRID GROSSIN<\/div><time datetime=\"2025-11-07T10:33:21+01:00\" class=\"wp-block-latest-posts__post-date\">7 novembre 2025<\/time><\/li>\n<li><a class=\"wp-block-latest-posts__post-title\" href=\"https:\/\/www.lycee-valin.fr\/RJVALIN\/1ere-seance-du-cine-club-%f0%9f%8e%ac\/\">1\u00e8re s\u00e9ance du Cin\u00e9-club \ud83c\udfac !<\/a><div class=\"wp-block-latest-posts__post-author\">par WILFRID GROSSIN<\/div><time datetime=\"2025-10-15T20:08:52+02:00\" class=\"wp-block-latest-posts__post-date\">15 octobre 2025<\/time><\/li>\n<li><a class=\"wp-block-latest-posts__post-title\" href=\"https:\/\/www.lycee-valin.fr\/RJVALIN\/de-la-fecondite-des-ruines-retour-sur-lexposition-a-lhotel-de-craon-la-rochelle\/\">De la f\u00e9condit\u00e9 des ruines &#8211; retour sur l&#8217;exposition \u00e0 ,l&#8217;H\u00f4tel de Craon, La Rochelle<\/a><div class=\"wp-block-latest-posts__post-author\">par ronan marec<\/div><time datetime=\"2025-10-04T19:10:44+02:00\" class=\"wp-block-latest-posts__post-date\">4 octobre 2025<\/time><\/li>\n<li><a class=\"wp-block-latest-posts__post-title\" href=\"https:\/\/www.lycee-valin.fr\/RJVALIN\/et-que-le-temps-est-devenu-sourd-une-exposition-de-louis-guillaume\/\">Et que le temps est devenu sourd,      une exposition de Louis Guillaume<\/a><div class=\"wp-block-latest-posts__post-author\">par ronan marec<\/div><time datetime=\"2025-10-04T16:58:37+02:00\" class=\"wp-block-latest-posts__post-date\">4 octobre 2025<\/time><\/li>\n<li><a class=\"wp-block-latest-posts__post-title\" href=\"https:\/\/www.lycee-valin.fr\/RJVALIN\/%f0%9f%8e%99-tetris-ashtag-les-voix-du-lycee-valin-a-la-radio-et-en-podcast\/\">\ud83c\udf99 T\u00c9TRIS &amp; ASHTAG : les voix du Lyc\u00e9e Valin \u00e0 la radio et en podcast !<\/a><div class=\"wp-block-latest-posts__post-author\">par WILFRID GROSSIN<\/div><time datetime=\"2025-09-15T09:01:33+02:00\" class=\"wp-block-latest-posts__post-date\">15 septembre 2025<\/time><\/li>\n<li><a class=\"wp-block-latest-posts__post-title\" href=\"https:\/\/www.lycee-valin.fr\/RJVALIN\/cest-reparti-pour-las\/\">C&#8217;est reparti pour l&#8217;AS !<\/a><div class=\"wp-block-latest-posts__post-author\">par Lionel ARGOUD<\/div><time datetime=\"2025-09-05T09:11:59+02:00\" class=\"wp-block-latest-posts__post-date\">5 septembre 2025<\/time><\/li>\n<li><a class=\"wp-block-latest-posts__post-title\" href=\"https:\/\/www.lycee-valin.fr\/RJVALIN\/distribution-des-manuels-scolaires\/\">Distribution des manuels scolaires<\/a><div class=\"wp-block-latest-posts__post-author\">par Charlotte DAVID<\/div><time datetime=\"2025-08-25T15:23:50+02:00\" class=\"wp-block-latest-posts__post-date\">25 ao\u00fbt 2025<\/time><\/li>\n<li><a class=\"wp-block-latest-posts__post-title\" href=\"https:\/\/www.lycee-valin.fr\/RJVALIN\/%f0%9f%8e%89-une-2e-place-nationale-au-concours-agarart-pour-nos-eleves-en-biotechnologies-%f0%9f%a5%88\/\">\ud83c\udf89 Une 2e place nationale au concours Agar&#8217;Art pour nos \u00e9l\u00e8ves en Biotechnologies ! \ud83e\udd48<\/a><div class=\"wp-block-latest-posts__post-author\">par WILFRID GROSSIN<\/div><time datetime=\"2025-07-01T17:50:40+02:00\" class=\"wp-block-latest-posts__post-date\">1 juillet 2025<\/time><\/li>\n<li><a class=\"wp-block-latest-posts__post-title\" href=\"https:\/\/www.lycee-valin.fr\/RJVALIN\/projet-erasmus-les-villes-de-la-hanse-3eme-edition-pour-le-lycee-valin\/\">\u00a0Projet Erasmus + Les villes de La Hanse 3\u00e8me \u00e9dition pour le Lyc\u00e9e Valin !<\/a><div class=\"wp-block-latest-posts__post-author\">par WILFRID GROSSIN<\/div><time datetime=\"2025-06-20T10:09:27+02:00\" class=\"wp-block-latest-posts__post-date\">20 juin 2025<\/time><\/li>\n<li><a class=\"wp-block-latest-posts__post-title\" href=\"https:\/\/www.lycee-valin.fr\/RJVALIN\/le-grand-final-das-grose-finale\/\">Le grand final \/ Das gro\u00dfe Finale<\/a><div class=\"wp-block-latest-posts__post-author\">par heiko mueller<\/div><time datetime=\"2025-06-04T15:13:30+02:00\" class=\"wp-block-latest-posts__post-date\">4 juin 2025<\/time><\/li>\n<li><a class=\"wp-block-latest-posts__post-title\" href=\"https:\/\/www.lycee-valin.fr\/RJVALIN\/exposition-en-salle-des-conseils\/\">Exposition en salle des conseils<\/a><div class=\"wp-block-latest-posts__post-author\">par Stephanie Catherine-Duchemin<\/div><time datetime=\"2025-06-01T22:08:25+02:00\" class=\"wp-block-latest-posts__post-date\">1 juin 2025<\/time><\/li>\n<li><a class=\"wp-block-latest-posts__post-title\" href=\"https:\/\/www.lycee-valin.fr\/RJVALIN\/les-cartoons-geopolitiques-au-cdi\/\">\u200bLes cartoons g\u00e9opolitiques au CDI<\/a><div class=\"wp-block-latest-posts__post-author\">par Charlotte DAVID<\/div><time datetime=\"2025-05-16T09:43:03+02:00\" class=\"wp-block-latest-posts__post-date\">16 mai 2025<\/time><\/li>\n<li><a class=\"wp-block-latest-posts__post-title\" href=\"https:\/\/www.lycee-valin.fr\/RJVALIN\/enjeux-de-lintelligence-artificielle-une-conference-passionnante-au-lycee-valin\/\">Enjeux de l\u2019intelligence artificielle : une conf\u00e9rence passionnante au lyc\u00e9e Valin<\/a><div class=\"wp-block-latest-posts__post-author\">par WILFRID GROSSIN<\/div><time datetime=\"2025-05-12T16:24:25+02:00\" class=\"wp-block-latest-posts__post-date\">12 mai 2025<\/time><\/li>\n<li><a class=\"wp-block-latest-posts__post-title\" href=\"https:\/\/www.lycee-valin.fr\/RJVALIN\/les-vacances-apprenantes-au-lycee-valin\/\">Les vacances apprenantes au lyc\u00e9e Valin<\/a><div class=\"wp-block-latest-posts__post-author\">par Charlotte DAVID<\/div><time datetime=\"2025-05-09T17:28:37+02:00\" class=\"wp-block-latest-posts__post-date\">9 mai 2025<\/time><\/li>\n<li><a class=\"wp-block-latest-posts__post-title\" href=\"https:\/\/www.lycee-valin.fr\/RJVALIN\/decouvrir-le-japon-au-cdi\/\">D\u00e9couvrir le Japon au CDI<\/a><div class=\"wp-block-latest-posts__post-author\">par ingrid ghilardini<\/div><time datetime=\"2025-05-08T19:01:31+02:00\" class=\"wp-block-latest-posts__post-date\">8 mai 2025<\/time><\/li>\n<li><a class=\"wp-block-latest-posts__post-title\" href=\"https:\/\/www.lycee-valin.fr\/RJVALIN\/les-rendus-dhistoire-de-lart-des-etudiants-de-cpes-demenagent\/\">Les rendus d&#8217;histoire de l&#8217;art des \u00e9tudiants de CPES d\u00e9m\u00e9nagent<\/a><div class=\"wp-block-latest-posts__post-author\">par Stephanie Catherine-Duchemin<\/div><time datetime=\"2025-03-21T22:10:24+01:00\" class=\"wp-block-latest-posts__post-date\">21 mars 2025<\/time><\/li>\n<li><a class=\"wp-block-latest-posts__post-title\" href=\"https:\/\/www.lycee-valin.fr\/RJVALIN\/le-lycee-valin-a-vote\/\">Le Lyc\u00e9e Valin a vot\u00e9<\/a><div class=\"wp-block-latest-posts__post-author\">par heiko mueller<\/div><time datetime=\"2025-02-10T17:54:03+01:00\" class=\"wp-block-latest-posts__post-date\">10 f\u00e9vrier 2025<\/time><\/li>\n<li><a class=\"wp-block-latest-posts__post-title\" href=\"https:\/\/www.lycee-valin.fr\/RJVALIN\/retour-sur-les-rencontres-et-le-workshop-traces-avec-lartiste-alix-boillot-au-ccn-mille-plateaux\/\">Retour sur les rencontres et le  workshop TRACES avec l&#8217;artiste Alix Boillot au CCN-Mille Plateaux<\/a><div class=\"wp-block-latest-posts__post-author\">par ronan marec<\/div><time datetime=\"2025-02-08T13:31:56+01:00\" class=\"wp-block-latest-posts__post-date\">8 f\u00e9vrier 2025<\/time><\/li>\n<li><a class=\"wp-block-latest-posts__post-title\" href=\"https:\/\/www.lycee-valin.fr\/RJVALIN\/retour-sur-les-rencontres-avec-lartiste-orlan\/\">retour sur les rencontres avec l&#8217;artiste ORLAN<\/a><div class=\"wp-block-latest-posts__post-author\">par ronan marec<\/div><time datetime=\"2025-02-07T14:04:29+01:00\" class=\"wp-block-latest-posts__post-date\">7 f\u00e9vrier 2025<\/time><\/li>\n<li><a class=\"wp-block-latest-posts__post-title\" href=\"https:\/\/www.lycee-valin.fr\/RJVALIN\/workshop-performance-avec-seobin-park-artiste-terms-spe-arts-plastiques\/\">Workshop performance avec Seobin Park &#8211; artiste. Terms. sp\u00e9. arts plastiques<\/a><div class=\"wp-block-latest-posts__post-author\">par Stephanie Catherine-Duchemin<\/div><time datetime=\"2025-02-06T19:51:30+01:00\" class=\"wp-block-latest-posts__post-date\">6 f\u00e9vrier 2025<\/time><\/li>\n<li><a class=\"wp-block-latest-posts__post-title\" href=\"https:\/\/www.lycee-valin.fr\/RJVALIN\/exposition-en-salle-des-conseils-premiers-monotypes-cpes\/\">Exposition en salle des conseils &#8211;  premiers monotypes CPES<\/a><div class=\"wp-block-latest-posts__post-author\">par Stephanie Catherine-Duchemin<\/div><time datetime=\"2025-02-02T20:38:36+01:00\" class=\"wp-block-latest-posts__post-date\">2 f\u00e9vrier 2025<\/time><\/li>\n<li><a class=\"wp-block-latest-posts__post-title\" href=\"https:\/\/www.lycee-valin.fr\/RJVALIN\/soiree-astro\/\">Soir\u00e9e astro.<\/a><div class=\"wp-block-latest-posts__post-author\">par Eric Petrequin<\/div><time datetime=\"2025-01-28T19:25:06+01:00\" class=\"wp-block-latest-posts__post-date\">28 janvier 2025<\/time><\/li>\n<li><a class=\"wp-block-latest-posts__post-title\" href=\"https:\/\/www.lycee-valin.fr\/RJVALIN\/jpo-postbac-bts-bioalc-et-mecp\/\">JPO PostBAC : BTS BioALC et MECP<\/a><div class=\"wp-block-latest-posts__post-author\">par WILFRID GROSSIN<\/div><time datetime=\"2025-01-25T12:19:02+01:00\" class=\"wp-block-latest-posts__post-date\">25 janvier 2025<\/time><\/li>\n<li><a class=\"wp-block-latest-posts__post-title\" href=\"https:\/\/www.lycee-valin.fr\/RJVALIN\/jpo-postbac-cpes-caap\/\">JPO PostBac : CPES CAAP<\/a><div class=\"wp-block-latest-posts__post-author\">par WILFRID GROSSIN<\/div><time datetime=\"2025-01-25T10:29:04+01:00\" class=\"wp-block-latest-posts__post-date\">25 janvier 2025<\/time><\/li>\n<li><a class=\"wp-block-latest-posts__post-title\" href=\"https:\/\/www.lycee-valin.fr\/RJVALIN\/par-le-vent-soufflent-miseres-et-merveilles-une-exposition-de-barbara-kairos-chapelle-des-dames-blanches-tour-de-la-chaine\/\">Par le vent soufflent mis\u00e8res et merveilles\u00a0&#8211; une exposition de Barbara Kairos (Chapelle des Dames Blanches &#8211; Tour de la Chaine)<\/a><div class=\"wp-block-latest-posts__post-author\">par ronan marec<\/div><time datetime=\"2024-12-29T14:40:32+01:00\" class=\"wp-block-latest-posts__post-date\">29 d\u00e9cembre 2024<\/time><\/li>\n<li><a class=\"wp-block-latest-posts__post-title\" href=\"https:\/\/www.lycee-valin.fr\/RJVALIN\/c-2023-a3\/\">C\/2023 A3<\/a><div class=\"wp-block-latest-posts__post-author\">par Eric Petrequin<\/div><time datetime=\"2024-12-09T20:06:13+01:00\" class=\"wp-block-latest-posts__post-date\">9 d\u00e9cembre 2024<\/time><\/li>\n<li><a class=\"wp-block-latest-posts__post-title\" href=\"https:\/\/www.lycee-valin.fr\/RJVALIN\/claire-emery-ancienne-etudiante-du-bts-bioac-intervient-aupres-des-etudiants-du-bts1-bioalc-au-lycee-valin\/\">&#8220;Claire Emery, ancienne \u00e9tudiante du BTS BioAC, intervient aupr\u00e8s des \u00e9tudiant.e.s du BTS BioALC au Lyc\u00e9e Valin&#8221;<\/a><div class=\"wp-block-latest-posts__post-author\">par WILFRID GROSSIN<\/div><time datetime=\"2024-11-28T19:44:15+01:00\" class=\"wp-block-latest-posts__post-date\">28 novembre 2024<\/time><\/li>\n<li><a class=\"wp-block-latest-posts__post-title\" href=\"https:\/\/www.lycee-valin.fr\/RJVALIN\/ceremonie-de-remise-des-diplomes-des-bts-bioac-promotion-2022-2024\/\">C\u00e9r\u00e9monie de remise des dipl\u00f4mes des BTS BIOAC &#8211; Promotion 2022-2024<\/a><div class=\"wp-block-latest-posts__post-author\">par WILFRID GROSSIN<\/div><time datetime=\"2024-11-16T13:57:14+01:00\" class=\"wp-block-latest-posts__post-date\">16 novembre 2024<\/time><\/li>\n<li><a class=\"wp-block-latest-posts__post-title\" href=\"https:\/\/www.lycee-valin.fr\/RJVALIN\/rencontre-avec-alexia-atmouni\/\">Rencontre avec Alexia Atmouni<\/a><div class=\"wp-block-latest-posts__post-author\">par ronan marec<\/div><time datetime=\"2024-11-16T12:43:16+01:00\" class=\"wp-block-latest-posts__post-date\">16 novembre 2024<\/time><\/li>\n<li><a class=\"wp-block-latest-posts__post-title\" href=\"https:\/\/www.lycee-valin.fr\/RJVALIN\/les-bts1-bioalc-visitent-aurea-agrosciences\/\">Les BTS1 BioALC visitent l&#8217;entreprise AUREA-AGROSCIENCES<\/a><div class=\"wp-block-latest-posts__post-author\">par WILFRID GROSSIN<\/div><time datetime=\"2024-11-15T17:31:16+01:00\" class=\"wp-block-latest-posts__post-date\">15 novembre 2024<\/time><\/li>\n<li><a class=\"wp-block-latest-posts__post-title\" href=\"https:\/\/www.lycee-valin.fr\/RJVALIN\/la-hanse-un-reseau-qui-se-renouvelle\/\">La Hanse &#8211; un r\u00e9seau qui se renouvelle<\/a><div class=\"wp-block-latest-posts__post-author\">par heiko mueller<\/div><time datetime=\"2024-11-10T19:57:07+01:00\" class=\"wp-block-latest-posts__post-date\">10 novembre 2024<\/time><\/li>\n<li><a class=\"wp-block-latest-posts__post-title\" href=\"https:\/\/www.lycee-valin.fr\/RJVALIN\/semaine-des-metiers-de-lindustrie-pharmaceutique\/\">Participation des BTS1 BioALC \u00e0 la Semaine des m\u00e9tiers de l\u2019industrie pharmaceutique<\/a><div class=\"wp-block-latest-posts__post-author\">par WILFRID GROSSIN<\/div><time datetime=\"2024-10-09T19:36:52+02:00\" class=\"wp-block-latest-posts__post-date\">9 octobre 2024<\/time><\/li>\n<li><a class=\"wp-block-latest-posts__post-title\" href=\"https:\/\/www.lycee-valin.fr\/RJVALIN\/la-vengeance-de-melusine\/\">La vengeance de M\u00e9lusine<\/a><div class=\"wp-block-latest-posts__post-author\">par heiko mueller<\/div><time datetime=\"2024-09-24T16:17:08+02:00\" class=\"wp-block-latest-posts__post-date\">24 septembre 2024<\/time><\/li>\n<li><a class=\"wp-block-latest-posts__post-title\" href=\"https:\/\/www.lycee-valin.fr\/RJVALIN\/rentree-2024-distribution-des-manuels-scolaires\/\">Rentr\u00e9e 2024 &#8211; Distribution des manuels scolaires<\/a><div class=\"wp-block-latest-posts__post-author\">par Nathalie Day<\/div><time datetime=\"2024-07-12T09:06:21+02:00\" class=\"wp-block-latest-posts__post-date\">12 juillet 2024<\/time><\/li>\n<li><a class=\"wp-block-latest-posts__post-title\" href=\"https:\/\/www.lycee-valin.fr\/RJVALIN\/laureate-du-lycee-valin-au-concours-deloquence-ciceronnades\/\">Laur\u00e9ats du Lyc\u00e9e Valin au Concours d&#8217;\u00e9loquence Cic\u00e9ronnades<\/a><div class=\"wp-block-latest-posts__post-author\">par admin<\/div><time datetime=\"2024-06-16T14:56:11+02:00\" class=\"wp-block-latest-posts__post-date\">16 juin 2024<\/time><\/li>\n<li><a class=\"wp-block-latest-posts__post-title\" href=\"https:\/\/www.lycee-valin.fr\/RJVALIN\/les-volleyeurs-enfin-recompenses\/\">LES VOLLEYEURS ENFIN RECOMPENSES<\/a><div class=\"wp-block-latest-posts__post-author\">par Lionel ARGOUD<\/div><time datetime=\"2024-05-22T08:21:08+02:00\" class=\"wp-block-latest-posts__post-date\">22 mai 2024<\/time><\/li>\n<li><a class=\"wp-block-latest-posts__post-title\" href=\"https:\/\/www.lycee-valin.fr\/RJVALIN\/valprom-a-versailles\/\">Val&#8217;Prom \u00e0 Versailles<\/a><div class=\"wp-block-latest-posts__post-author\">par Swan SAVARIT-BODIN<\/div><time datetime=\"2024-05-13T16:58:39+02:00\" class=\"wp-block-latest-posts__post-date\">13 mai 2024<\/time><\/li>\n<li><a class=\"wp-block-latest-posts__post-title\" href=\"https:\/\/www.lycee-valin.fr\/RJVALIN\/fete-des-biotechnologies-2024\/\">\u00a0* F\u00eate des Biotechnologies 2024 *<\/a><div class=\"wp-block-latest-posts__post-author\">par WILFRID GROSSIN<\/div><time datetime=\"2024-05-06T13:01:12+02:00\" class=\"wp-block-latest-posts__post-date\">6 mai 2024<\/time><\/li>\n<li><a class=\"wp-block-latest-posts__post-title\" href=\"https:\/\/www.lycee-valin.fr\/RJVALIN\/une-belle-aventure-se-poursuit-grace-a-erasmus\/\">Une belle aventure se poursuit gr\u00e2ce \u00e0 Erasmus +<\/a><div class=\"wp-block-latest-posts__post-author\">par heiko mueller<\/div><time datetime=\"2024-05-04T08:33:53+02:00\" class=\"wp-block-latest-posts__post-date\">4 mai 2024<\/time><\/li>\n<li><a class=\"wp-block-latest-posts__post-title\" href=\"https:\/\/www.lycee-valin.fr\/RJVALIN\/bts-bioanalyses-et-controles-et-sst\/\">BTS Bioanalyses et Contr\u00f4les et SST<\/a><div class=\"wp-block-latest-posts__post-author\">par WILFRID GROSSIN<\/div><time datetime=\"2024-04-11T18:47:29+02:00\" class=\"wp-block-latest-posts__post-date\">11 avril 2024<\/time><\/li>\n<li><a class=\"wp-block-latest-posts__post-title\" href=\"https:\/\/www.lycee-valin.fr\/RJVALIN\/%f0%9f%93%a2-fete-des-biotechnologies-jeudi-11-avril\/\">\ud83d\udce2 F\u00eate des Biotechnologies le jeudi 11 Avril 2024!<\/a><div class=\"wp-block-latest-posts__post-author\">par WILFRID GROSSIN<\/div><time datetime=\"2024-04-10T11:16:52+02:00\" class=\"wp-block-latest-posts__post-date\">10 avril 2024<\/time><\/li>\n<li><a class=\"wp-block-latest-posts__post-title\" href=\"https:\/\/www.lycee-valin.fr\/RJVALIN\/publication-du-referentiel-du-bts-renove-bts-bioanalyses-en-laboratoire-de-controles\/\">\ud83d\udce2 Publication du r\u00e9f\u00e9rentiel du BTS r\u00e9nov\u00e9 : BTS Bioanalyses en Laboratoire de Contr\u00f4les (BTS BioALC)<\/a><div class=\"wp-block-latest-posts__post-author\">par WILFRID GROSSIN<\/div><time datetime=\"2024-04-05T10:06:18+02:00\" class=\"wp-block-latest-posts__post-date\">5 avril 2024<\/time><\/li>\n<li><a class=\"wp-block-latest-posts__post-title\" href=\"https:\/\/www.lycee-valin.fr\/RJVALIN\/formation-des-eleves-aux-premiers-secours-psc1\/\">Formation des \u00e9l\u00e8ves du Lyc\u00e9e Valin aux Premiers Secours (PSC1)<\/a><div class=\"wp-block-latest-posts__post-author\">par WILFRID GROSSIN<\/div><time datetime=\"2024-03-18T17:13:58+01:00\" class=\"wp-block-latest-posts__post-date\">18 mars 2024<\/time><\/li>\n<li><a class=\"wp-block-latest-posts__post-title\" href=\"https:\/\/www.lycee-valin.fr\/RJVALIN\/voyage-scolaire-a-francfort-une-ville-inconnue-en-france\/\">Voyage scolaire \u00e0 Francfort \u2013 une ville &#8220;inconnue&#8221; en France<\/a><div class=\"wp-block-latest-posts__post-author\">par heiko mueller<\/div><time datetime=\"2024-03-16T17:05:26+01:00\" class=\"wp-block-latest-posts__post-date\">16 mars 2024<\/time><\/li>\n<li><a class=\"wp-block-latest-posts__post-title\" href=\"https:\/\/www.lycee-valin.fr\/RJVALIN\/la-journee-franco-allemande\/\">La Journ\u00e9e franco-allemande<\/a><div class=\"wp-block-latest-posts__post-author\">par heiko mueller<\/div><time datetime=\"2024-03-16T16:59:12+01:00\" class=\"wp-block-latest-posts__post-date\">16 mars 2024<\/time><\/li>\n<li><a class=\"wp-block-latest-posts__post-title\" href=\"https:\/\/www.lycee-valin.fr\/RJVALIN\/blanche-neige-ou-la-chute-du-mur-de-berlin\/\">Blanche-Neige ou la chute du mur de Berlin<\/a><div class=\"wp-block-latest-posts__post-author\">par heiko mueller<\/div><time datetime=\"2024-03-16T16:55:28+01:00\" class=\"wp-block-latest-posts__post-date\">16 mars 2024<\/time><\/li>\n<li><a class=\"wp-block-latest-posts__post-title\" href=\"https:\/\/www.lycee-valin.fr\/RJVALIN\/rencontre-avec-lautrice-et-artiste-verena-gotthardr\/\">Rencontre avec l&#8217;autrice et artiste Verena Gotthardr<\/a><div class=\"wp-block-latest-posts__post-author\">par heiko mueller<\/div><time datetime=\"2024-03-16T16:32:56+01:00\" class=\"wp-block-latest-posts__post-date\">16 mars 2024<\/time><\/li>\n<li><a class=\"wp-block-latest-posts__post-title\" href=\"https:\/\/www.lycee-valin.fr\/RJVALIN\/week-end-athletique-a-bordeaux\/\">WEEK-END ATHLETIQUE A BORDEAUX<\/a><div class=\"wp-block-latest-posts__post-author\">par Lionel ARGOUD<\/div><time datetime=\"2024-02-14T08:30:41+01:00\" class=\"wp-block-latest-posts__post-date\">14 f\u00e9vrier 2024<\/time><\/li>\n<li><a class=\"wp-block-latest-posts__post-title\" href=\"https:\/\/www.lycee-valin.fr\/RJVALIN\/sortie-au-moulin-du-fa-site-gallo-romain-de-barzan\/\">Sortie au Moulin du F\u00e2 &#8211; site gallo-romain de Barzan<\/a><div class=\"wp-block-latest-posts__post-author\">par heiko mueller<\/div><time datetime=\"2024-01-21T20:49:28+01:00\" class=\"wp-block-latest-posts__post-date\">21 janvier 2024<\/time><\/li>\n<li><a class=\"wp-block-latest-posts__post-title\" href=\"https:\/\/www.lycee-valin.fr\/RJVALIN\/toujours-plus-vite\/\">TOUJOURS PLUS VITE<\/a><div class=\"wp-block-latest-posts__post-author\">par Lionel ARGOUD<\/div><time datetime=\"2024-01-12T12:05:56+01:00\" class=\"wp-block-latest-posts__post-date\">12 janvier 2024<\/time><\/li>\n<li><a class=\"wp-block-latest-posts__post-title\" href=\"https:\/\/www.lycee-valin.fr\/RJVALIN\/1er-challenge-crossfit-au-lycee-releve-le-defi\/\">1er CHALLENGE CROSSFIT AU LYCEE : RELEVE LE DEFI !<\/a><div class=\"wp-block-latest-posts__post-author\">par Lionel ARGOUD<\/div><time datetime=\"2024-01-12T11:27:40+01:00\" class=\"wp-block-latest-posts__post-date\">12 janvier 2024<\/time><\/li>\n<li><a class=\"wp-block-latest-posts__post-title\" href=\"https:\/\/www.lycee-valin.fr\/RJVALIN\/les-eleves-de-premieres-et-de-terminales-st2s-du-lycee-se-sont-mobilises-pour-la-2e-edition-du-telethon\/\">Les \u00e9l\u00e8ves de Premi\u00e8res et de Terminales ST2S du lyc\u00e9e se sont mobilis\u00e9s pour la 2\u00e8 \u00e9dition du T\u00e9l\u00e9thon\u00a0!<\/a><div class=\"wp-block-latest-posts__post-author\">par admin<\/div><time datetime=\"2023-12-10T17:30:10+01:00\" class=\"wp-block-latest-posts__post-date\">10 d\u00e9cembre 2023<\/time><\/li>\n<li><a class=\"wp-block-latest-posts__post-title\" href=\"https:\/\/www.lycee-valin.fr\/RJVALIN\/les-bts-mecp-en-folies-cetait-royal\/\">Les BTS MECP en Folies, c\u2019\u00e9tait royal\u00a0!<\/a><div class=\"wp-block-latest-posts__post-author\">par WILFRID GROSSIN<\/div><time datetime=\"2023-12-07T09:51:45+01:00\" class=\"wp-block-latest-posts__post-date\">7 d\u00e9cembre 2023<\/time><\/li>\n<li><a class=\"wp-block-latest-posts__post-title\" href=\"https:\/\/www.lycee-valin.fr\/RJVALIN\/bienvenue-aux-etudiants-du-bts-abm-de-la-venise-verte-2\/\">Bienvenue aux \u00e9tudiants du BTS ABM de la Venise Verte<\/a><div class=\"wp-block-latest-posts__post-author\">par WILFRID GROSSIN<\/div><time datetime=\"2023-12-01T02:14:24+01:00\" class=\"wp-block-latest-posts__post-date\">1 d\u00e9cembre 2023<\/time><\/li>\n<li><a class=\"wp-block-latest-posts__post-title\" href=\"https:\/\/www.lycee-valin.fr\/RJVALIN\/recuperation-du-compte-pix-a-la-sortie-du-systeme-scolaire\/\">R\u00e9cup\u00e9ration du compte Pix \u00e0 la sortie du syst\u00e8me scolaire<\/a><div class=\"wp-block-latest-posts__post-author\">par WILFRID GROSSIN<\/div><time datetime=\"2023-11-22T10:14:23+01:00\" class=\"wp-block-latest-posts__post-date\">22 novembre 2023<\/time><\/li>\n<li><a class=\"wp-block-latest-posts__post-title\" href=\"https:\/\/www.lycee-valin.fr\/RJVALIN\/les-eleves-de-terminale-st2s2-en-visite-aux-musees-de-la-marine-a-rochefort\/\">Les \u00e9l\u00e8ves de terminale ST2S2 en visite aux Mus\u00e9es de la Marine \u00e0 Rochefort<\/a><div class=\"wp-block-latest-posts__post-author\">par admin<\/div><time datetime=\"2023-11-13T17:48:48+01:00\" class=\"wp-block-latest-posts__post-date\">13 novembre 2023<\/time><\/li>\n<li><a class=\"wp-block-latest-posts__post-title\" href=\"https:\/\/www.lycee-valin.fr\/RJVALIN\/informations-restauration\/\">Informations restauration &#8211; Tarifs 2024<\/a><div class=\"wp-block-latest-posts__post-author\">par admin<\/div><time datetime=\"2023-11-13T17:02:59+01:00\" class=\"wp-block-latest-posts__post-date\">13 novembre 2023<\/time><\/li>\n<li><a class=\"wp-block-latest-posts__post-title\" href=\"https:\/\/www.lycee-valin.fr\/RJVALIN\/modus-operandi\/\">Modus Operandi<\/a><div class=\"wp-block-latest-posts__post-author\">par ronan marec<\/div><time datetime=\"2023-10-03T23:28:29+02:00\" class=\"wp-block-latest-posts__post-date\">3 octobre 2023<\/time><\/li>\n<li><a class=\"wp-block-latest-posts__post-title\" href=\"https:\/\/www.lycee-valin.fr\/RJVALIN\/certifications-pix-2023-2024\/\">Certifications PIX 2023-2024<\/a><div class=\"wp-block-latest-posts__post-author\">par WILFRID GROSSIN<\/div><time datetime=\"2023-09-22T08:45:54+02:00\" class=\"wp-block-latest-posts__post-date\">22 septembre 2023<\/time><\/li>\n<li><a class=\"wp-block-latest-posts__post-title\" href=\"https:\/\/www.lycee-valin.fr\/RJVALIN\/cest-aussi-la-reprise-pour-las\/\">C&#8217;EST AUSSI LA REPRISE POUR L&#8217;AS<\/a><div class=\"wp-block-latest-posts__post-author\">par Lionel ARGOUD<\/div><time datetime=\"2023-09-14T16:05:55+02:00\" class=\"wp-block-latest-posts__post-date\">14 septembre 2023<\/time><\/li>\n<li><a class=\"wp-block-latest-posts__post-title\" href=\"https:\/\/www.lycee-valin.fr\/RJVALIN\/rentree-des-eleves-2023-2024\/\">Rentr\u00e9e des \u00e9l\u00e8ves 2023-2024<\/a><div class=\"wp-block-latest-posts__post-author\">par Thibault MACE<\/div><time datetime=\"2023-07-13T10:32:09+02:00\" class=\"wp-block-latest-posts__post-date\">13 juillet 2023<\/time><\/li>\n<li><a class=\"wp-block-latest-posts__post-title\" href=\"https:\/\/www.lycee-valin.fr\/RJVALIN\/lexposition-les-femmes-oubliees-recompensee-par-le-1er-prix-devoir-de-memoire-a-la-remise-des-prix-de-leducation-citoyenne\/\">L&#8217;exposition &#8220;Les femmes oubli\u00e9es&#8221; r\u00e9compens\u00e9e par le 1er Prix devoir de m\u00e9moire \u00e0 la remise des prix de l&#8217;\u00e9ducation citoyenne.<\/a><div class=\"wp-block-latest-posts__post-author\">par admin<\/div><time datetime=\"2023-07-04T17:32:33+02:00\" class=\"wp-block-latest-posts__post-date\">4 juillet 2023<\/time><\/li>\n<li><a class=\"wp-block-latest-posts__post-title\" href=\"https:\/\/www.lycee-valin.fr\/RJVALIN\/vacances-apprenantes-2023\/\">Vacances apprenantes 2023<\/a><div class=\"wp-block-latest-posts__post-author\">par Thibault MACE<\/div><time datetime=\"2023-06-27T10:02:36+02:00\" class=\"wp-block-latest-posts__post-date\">27 juin 2023<\/time><\/li>\n<li><a class=\"wp-block-latest-posts__post-title\" href=\"https:\/\/www.lycee-valin.fr\/RJVALIN\/cycle-de-conferences-episode-4-rencontre-avec-monsieur-emmanuel-legay-journaliste-et-chef-du-service-societe-et-sports-a-france-televisions\/\">Cycle de conf\u00e9rences, \u00e9pisode 4 : rencontre avec Monsieur Emmanuel Legay, journaliste et chef du service \u00ab\u00a0soci\u00e9t\u00e9 et sports\u00a0\u00bb \u00e0 France T\u00e9l\u00e9visions.<\/a><div class=\"wp-block-latest-posts__post-author\">par admin<\/div><time datetime=\"2023-06-18T14:51:52+02:00\" class=\"wp-block-latest-posts__post-date\">18 juin 2023<\/time><\/li>\n<li><a class=\"wp-block-latest-posts__post-title\" href=\"https:\/\/www.lycee-valin.fr\/RJVALIN\/cycle-de-conferences-episode-3-rencontre-avec-un-chercheur-en-sciences-politiques\/\">Cycle de conf\u00e9rences, \u00e9pisode 3 : rencontre avec un chercheur en sciences politiques<\/a><div class=\"wp-block-latest-posts__post-author\">par Thibault MACE<\/div><time datetime=\"2023-06-15T09:55:28+02:00\" class=\"wp-block-latest-posts__post-date\">15 juin 2023<\/time><\/li>\n<li><a class=\"wp-block-latest-posts__post-title\" href=\"https:\/\/www.lycee-valin.fr\/RJVALIN\/cycle-de-conferences-episode-2-rencontre-avec-un-chercheur-en-geopolitique\/\">Cycle de conf\u00e9rences, \u00e9pisode 2 : rencontre avec un chercheur en G\u00e9opolitique<\/a><div class=\"wp-block-latest-posts__post-author\">par Thibault MACE<\/div><time datetime=\"2023-06-15T09:52:12+02:00\" class=\"wp-block-latest-posts__post-date\">15 juin 2023<\/time><\/li>\n<li><a class=\"wp-block-latest-posts__post-title\" href=\"https:\/\/www.lycee-valin.fr\/RJVALIN\/enquete-a-valin-le-devenir-des-lyceens\/\">Enqu\u00eate \u00e0 Valin, le devenir des lyc\u00e9ens<\/a><div class=\"wp-block-latest-posts__post-author\">par Thibault MACE<\/div><time datetime=\"2023-06-14T15:03:00+02:00\" class=\"wp-block-latest-posts__post-date\">14 juin 2023<\/time><\/li>\n<li><a class=\"wp-block-latest-posts__post-title\" href=\"https:\/\/www.lycee-valin.fr\/RJVALIN\/latelier-du-spectateur-la-suite\/\">L&#8217;atelier du spectateur, la suite !<\/a><div class=\"wp-block-latest-posts__post-author\">par Thibault MACE<\/div><time datetime=\"2023-06-13T09:46:00+02:00\" class=\"wp-block-latest-posts__post-date\">13 juin 2023<\/time><\/li>\n<li><a class=\"wp-block-latest-posts__post-title\" href=\"https:\/\/www.lycee-valin.fr\/RJVALIN\/rencontre-joute-de-traduction-en-presence-de-lautrice-britannique-jeni-whittaker-avec-des-eleves-de-terminales-generales\/\">Rencontre &#8220;Joute de traduction&#8221; en pr\u00e9sence de l\u2019autrice britannique Jeni Whittaker avec des \u00e9l\u00e8ves de Terminale en anglais<\/a><div class=\"wp-block-latest-posts__post-author\">par WILFRID GROSSIN<\/div><time datetime=\"2023-06-11T13:42:40+02:00\" class=\"wp-block-latest-posts__post-date\">11 juin 2023<\/time><\/li>\n<li><a class=\"wp-block-latest-posts__post-title\" href=\"https:\/\/www.lycee-valin.fr\/RJVALIN\/la-marche-du-climat\/\">La marche pour le climat<\/a><div class=\"wp-block-latest-posts__post-author\">par heiko mueller<\/div><time datetime=\"2023-06-07T16:54:34+02:00\" class=\"wp-block-latest-posts__post-date\">7 juin 2023<\/time><\/li>\n<li><a class=\"wp-block-latest-posts__post-title\" href=\"https:\/\/www.lycee-valin.fr\/RJVALIN\/la-semaine-super-nulle-en-carbone\/\">La semaine &#8220;super nulle en Carbone&#8221;<\/a><div class=\"wp-block-latest-posts__post-author\">par admin<\/div><time datetime=\"2023-05-25T20:49:22+02:00\" class=\"wp-block-latest-posts__post-date\">25 mai 2023<\/time><\/li>\n<li><a class=\"wp-block-latest-posts__post-title\" href=\"https:\/\/www.lycee-valin.fr\/RJVALIN\/le-processus\/\">Le Processus<\/a><div class=\"wp-block-latest-posts__post-author\">par ingrid ghilardini<\/div><time datetime=\"2023-05-11T13:30:03+02:00\" class=\"wp-block-latest-posts__post-date\">11 mai 2023<\/time><\/li>\n<li><a class=\"wp-block-latest-posts__post-title\" href=\"https:\/\/www.lycee-valin.fr\/RJVALIN\/un-atelier-du-spectateur-pour-nos-internes\/\">Un atelier du spectateur pour nos internes !<\/a><div class=\"wp-block-latest-posts__post-author\">par Thibault MACE<\/div><time datetime=\"2023-05-09T09:58:56+02:00\" class=\"wp-block-latest-posts__post-date\">9 mai 2023<\/time><\/li>\n<li><a class=\"wp-block-latest-posts__post-title\" href=\"https:\/\/www.lycee-valin.fr\/RJVALIN\/premiere-conference-du-cycle-de-conferences-en-sciences-sociales\/\">Premi\u00e8re conf\u00e9rence du cycle de conf\u00e9rences en Sciences sociales<\/a><div class=\"wp-block-latest-posts__post-author\">par Thibault MACE<\/div><time datetime=\"2023-05-09T09:47:24+02:00\" class=\"wp-block-latest-posts__post-date\">9 mai 2023<\/time><\/li>\n<li><a class=\"wp-block-latest-posts__post-title\" href=\"https:\/\/www.lycee-valin.fr\/RJVALIN\/rencontre-deleves-de-premiere-avec-lecrivain-olivier-liron\/\">Rencontre d&#8217;\u00e9l\u00e8ves de Premi\u00e8re avec l&#8217;\u00e9crivain Olivier Liron<\/a><div class=\"wp-block-latest-posts__post-author\">par aurelia senanne<\/div><time datetime=\"2023-05-01T15:32:24+02:00\" class=\"wp-block-latest-posts__post-date\">1 mai 2023<\/time><\/li>\n<li><a class=\"wp-block-latest-posts__post-title\" href=\"https:\/\/www.lycee-valin.fr\/RJVALIN\/4571-2\/\">Lenka Hornakova au lyc\u00e9e Valin<\/a><div class=\"wp-block-latest-posts__post-author\">par ingrid ghilardini<\/div><time datetime=\"2023-04-30T21:14:00+02:00\" class=\"wp-block-latest-posts__post-date\">30 avril 2023<\/time><\/li>\n<li><a class=\"wp-block-latest-posts__post-title\" href=\"https:\/\/www.lycee-valin.fr\/RJVALIN\/tournage-de-vous-etes-ici-titre-provisoire-de-lazare-gousseau-au-lycee-valin\/\">Tournage de \u00ab Vous \u00eates ici (titre provisoire) \u00bb, de Lazare Gousseau au lyc\u00e9e Valin<\/a><div class=\"wp-block-latest-posts__post-author\">par Stephane Jacob<\/div><time datetime=\"2023-04-14T10:49:50+02:00\" class=\"wp-block-latest-posts__post-date\">14 avril 2023<\/time><\/li>\n<li><a class=\"wp-block-latest-posts__post-title\" href=\"https:\/\/www.lycee-valin.fr\/RJVALIN\/concours-lombois\/\">&#8220;Concours Lombois&#8221;<\/a><div class=\"wp-block-latest-posts__post-author\">par admin<\/div><time datetime=\"2023-02-03T16:27:33+01:00\" class=\"wp-block-latest-posts__post-date\">3 f\u00e9vrier 2023<\/time><\/li>\n<li><a class=\"wp-block-latest-posts__post-title\" href=\"https:\/\/www.lycee-valin.fr\/RJVALIN\/jpo-2023-bts\/\">JPO 2023 (BTS)<\/a><div class=\"wp-block-latest-posts__post-author\">par WILFRID GROSSIN<\/div><time datetime=\"2023-01-28T13:18:56+01:00\" class=\"wp-block-latest-posts__post-date\">28 janvier 2023<\/time><\/li>\n<li><a class=\"wp-block-latest-posts__post-title\" href=\"https:\/\/www.lycee-valin.fr\/RJVALIN\/bac-st2s-pour-qui-pour-faire-quoi\/\">Bac ST2S &#8211; Pour qui ?  Pour faire quoi ?<\/a><div class=\"wp-block-latest-posts__post-author\">par Emmanuel Lubbers<\/div><time datetime=\"2023-01-20T14:54:35+01:00\" class=\"wp-block-latest-posts__post-date\">20 janvier 2023<\/time><\/li>\n<li><a class=\"wp-block-latest-posts__post-title\" href=\"https:\/\/www.lycee-valin.fr\/RJVALIN\/atelier-de-culture-coreenne\/\">Atelier de culture cor\u00e9enne<\/a><div class=\"wp-block-latest-posts__post-author\">par Stephane Jacob<\/div><time datetime=\"2022-12-31T17:59:04+01:00\" class=\"wp-block-latest-posts__post-date\">31 d\u00e9cembre 2022<\/time><\/li>\n<li><a class=\"wp-block-latest-posts__post-title\" href=\"https:\/\/www.lycee-valin.fr\/RJVALIN\/lengagement-de-la-section-st2s-sciences-et-techniques-sanitaires-et-sociales-en-faveur-du-telethon-au-lycee-valin-le-2-decembre-2022\/\">L&#8217;engagement de la section ST2S\u00a0en faveur du T\u00e9l\u00e9thon au lyc\u00e9e Valin.<\/a><div class=\"wp-block-latest-posts__post-author\">par admin<\/div><time datetime=\"2022-12-12T09:38:56+01:00\" class=\"wp-block-latest-posts__post-date\">12 d\u00e9cembre 2022<\/time><\/li>\n<li><a class=\"wp-block-latest-posts__post-title\" href=\"https:\/\/www.lycee-valin.fr\/RJVALIN\/les-erasmus-days-au-lycee-valin\/\">Les ERASMUS-Days au Lyc\u00e9e Valin<\/a><div class=\"wp-block-latest-posts__post-author\">par heiko mueller<\/div><time datetime=\"2022-11-24T19:17:43+01:00\" class=\"wp-block-latest-posts__post-date\">24 novembre 2022<\/time><\/li>\n<li><a class=\"wp-block-latest-posts__post-title\" href=\"https:\/\/www.lycee-valin.fr\/RJVALIN\/bienvenue-aux-etudiants-du-bts-abm-de-la-venise-verte\/\">Bienvenue aux \u00e9tudiants du BTS ABM de la Venise Verte<\/a><div class=\"wp-block-latest-posts__post-author\">par JULES GUITTARD<\/div><time datetime=\"2022-11-24T17:14:20+01:00\" class=\"wp-block-latest-posts__post-date\">24 novembre 2022<\/time><\/li>\n<li><a class=\"wp-block-latest-posts__post-title\" href=\"https:\/\/www.lycee-valin.fr\/RJVALIN\/diffusion-du-court-metrage-la-routine\/\">Diffusion du court m\u00e9trage &#8220;La Routine&#8221;<\/a><div class=\"wp-block-latest-posts__post-author\">par Stephane Jacob<\/div><time datetime=\"2022-11-21T13:16:41+01:00\" class=\"wp-block-latest-posts__post-date\">21 novembre 2022<\/time><\/li>\n<li><a class=\"wp-block-latest-posts__post-title\" href=\"https:\/\/www.lycee-valin.fr\/RJVALIN\/le-20-septembre-les-eleves-de-quatre-classes-de-seconde-se-sont-impliques-dans-la-protection-de-notre-cadre-de-vie\/\">Le 20 septembre, les \u00e9l\u00e8ves de quatre classes de seconde se sont impliqu\u00e9s dans la protection de notre cadre de vie<\/a><div class=\"wp-block-latest-posts__post-author\">par Agnes Marty<\/div><time datetime=\"2022-09-28T08:33:51+02:00\" class=\"wp-block-latest-posts__post-date\">28 septembre 2022<\/time><\/li>\n<li><a class=\"wp-block-latest-posts__post-title\" href=\"https:\/\/www.lycee-valin.fr\/RJVALIN\/la-section-europeenne-en-espagnol-au-lycee-valin\/\">La section europ\u00e9enne en espagnol au lyc\u00e9e Valin<\/a><div class=\"wp-block-latest-posts__post-author\">par Agnes Marty<\/div><time datetime=\"2022-09-21T08:30:10+02:00\" class=\"wp-block-latest-posts__post-date\">21 septembre 2022<\/time><\/li>\n<li><a class=\"wp-block-latest-posts__post-title\" href=\"https:\/\/www.lycee-valin.fr\/RJVALIN\/stl-biotechnologies-creation-de-bijoux-fluorescents\/\">STL Biotechnologies &#8211; Cr\u00e9ation de bijoux Fluorescents<\/a><div class=\"wp-block-latest-posts__post-author\">par Emmanuel Lubbers<\/div><time datetime=\"2022-06-28T12:11:33+02:00\" class=\"wp-block-latest-posts__post-date\">28 juin 2022<\/time><\/li>\n<li><a class=\"wp-block-latest-posts__post-title\" href=\"https:\/\/www.lycee-valin.fr\/RJVALIN\/cote-rentree-du-nouveau\/\">cot\u00e9 rentr\u00e9e&#8230;du nouveau&#8230;<\/a><div class=\"wp-block-latest-posts__post-author\">par Jean Marie Merliere<\/div><time datetime=\"2022-06-22T11:31:45+02:00\" class=\"wp-block-latest-posts__post-date\">22 juin 2022<\/time><\/li>\n<li><a class=\"wp-block-latest-posts__post-title\" href=\"https:\/\/www.lycee-valin.fr\/RJVALIN\/la-section-sportive-hand-ball-feminin\/\">La section sportive Hand-ball f\u00e9minin<\/a><div class=\"wp-block-latest-posts__post-author\">par admin<\/div><time datetime=\"2022-06-22T11:02:22+02:00\" class=\"wp-block-latest-posts__post-date\">22 juin 2022<\/time><\/li>\n<li><a class=\"wp-block-latest-posts__post-title\" href=\"https:\/\/www.lycee-valin.fr\/RJVALIN\/les-vacances-apprenantes-commencent-le-4-juillet\/\">Les Vacances apprenantes commencent le 4 juillet<\/a><div class=\"wp-block-latest-posts__post-author\">par Thibault MACE<\/div><time datetime=\"2022-06-16T12:18:34+02:00\" class=\"wp-block-latest-posts__post-date\">16 juin 2022<\/time><\/li>\n<\/ul><div class='watch-action'><div class='watch-position align-left'><div class='action-like'><a class='lbg-style3 like-357 jlk' href='javascript:void(0)' data-task='like' data-post_id='357' data-nonce='1a2d79b4e9' rel='nofollow'><img class='wti-pixel' src='https:\/\/www.lycee-valin.fr\/RJVALIN\/wp-content\/plugins\/wti-like-post\/images\/pixel.gif' title='j&#039;aime' \/><span class='lc-357 lc'>0<\/span><\/a><\/div><\/div> <div class='status-357 status align-left'><\/div><\/div><div class='wti-clear'><\/div>","protected":false},"excerpt":{"rendered":"<p>Carte d&#8217;identit\u00e9 du Lyc\u00e9e Ren\u00e9-Josu\u00e9 VALIN Survol du lyc\u00e9e Valin Visite interactive en 360\u00b0 du lyc\u00e9e Valin Localisation du lyc\u00e9e Valin Liens des articles li\u00e9s \u00e0 cette cat\u00e9gorie 0<\/p>\n","protected":false},"author":1,"featured_media":3764,"parent":0,"menu_order":0,"comment_status":"closed","ping_status":"closed","template":"elementor_theme","meta":{"footnotes":""},"class_list":["post-357","page","type-page","status-publish","has-post-thumbnail","hentry"],"_links":{"self":[{"href":"https:\/\/www.lycee-valin.fr\/RJVALIN\/wp-json\/wp\/v2\/pages\/357","targetHints":{"allow":["GET"]}}],"collection":[{"href":"https:\/\/www.lycee-valin.fr\/RJVALIN\/wp-json\/wp\/v2\/pages"}],"about":[{"href":"https:\/\/www.lycee-valin.fr\/RJVALIN\/wp-json\/wp\/v2\/types\/page"}],"author":[{"embeddable":true,"href":"https:\/\/www.lycee-valin.fr\/RJVALIN\/wp-json\/wp\/v2\/users\/1"}],"replies":[{"embeddable":true,"href":"https:\/\/www.lycee-valin.fr\/RJVALIN\/wp-json\/wp\/v2\/comments?post=357"}],"version-history":[{"count":65,"href":"https:\/\/www.lycee-valin.fr\/RJVALIN\/wp-json\/wp\/v2\/pages\/357\/revisions"}],"predecessor-version":[{"id":4866,"href":"https:\/\/www.lycee-valin.fr\/RJVALIN\/wp-json\/wp\/v2\/pages\/357\/revisions\/4866"}],"wp:featuredmedia":[{"embeddable":true,"href":"https:\/\/www.lycee-valin.fr\/RJVALIN\/wp-json\/wp\/v2\/media\/3764"}],"wp:attachment":[{"href":"https:\/\/www.lycee-valin.fr\/RJVALIN\/wp-json\/wp\/v2\/media?parent=357"}],"curies":[{"name":"wp","href":"https:\/\/api.w.org\/{rel}","templated":true}]}}