{"id":3452,"date":"2023-01-11T21:10:50","date_gmt":"2023-01-11T20:10:50","guid":{"rendered":"https:\/\/www.lycee-valin.fr\/RJVALIN\/?p=3452"},"modified":"2023-07-14T04:57:34","modified_gmt":"2023-07-14T02:57:34","slug":"sciences-de-la-vie-et-de-la-terre","status":"publish","type":"page","link":"https:\/\/www.lycee-valin.fr\/RJVALIN\/sciences-de-la-vie-et-de-la-terre\/","title":{"rendered":"Sciences de la Vie et de la Terre"},"content":{"rendered":"<p><\/p>\n\n\n<\/p>\n<ul>\n<li style=\"font-family: sans-serif;font-style: normal\"><b>Pistes d\u2019orientations pour la sp\u00e9cialit\u00e9 SVT<\/b><\/li>\n<\/ul>\n<p>En seconde, il n&#8217;y a que 1h30 de cours hebdomadaire et pourtant, les notions de SVT sont pr\u00e9sentes et n\u00e9cessaires dans de tr\u00e8s nombreux m\u00e9tiers&#8230;<\/p>\n<p>\n\n\n<p><\/p>\n\n\n<\/p>\n<p>L&#8217;\u00e9quipe de SVT vous propose une pr\u00e9sentation de la sp\u00e9cialit\u00e9 SVT et des formations post-bac auxquelles elle pr\u00e9pare. Voici deux diaporamas interactifs cr\u00e9\u00e9s sous Genially qui vous permettront d&#8217;y voir plus clair.<\/p>\n<p>\n\n\n<p><\/p>\n\n\n<\/p>\n<p>Le premier d\u00e9taille les objectifs de la sp\u00e9cialit\u00e9 SVT, les programmes de premi\u00e8re et les orientations accessibles avec cette sp\u00e9cialit\u00e9 si elle est conserv\u00e9e en terminale.<\/p>\n<p>\n\n\n<p><\/p>\n\n\n<\/p>\n<p>Lien vers le Genially :<a href=\"https:\/\/view.genial.ly\/619dfbb2ef21f40dd0e93027\" target=\"_blank\" rel=\"noreferrer noopener\" data-type=\"URL\" data-id=\"https:\/\/view.genial.ly\/619dfbb2ef21f40dd0e93027\">https:\/\/view.genial.ly\/619dfbb2ef21f40dd0e93027<\/a><\/p>\n<p>\n\n\n<p><\/p>\n\n\n<\/p>\n<figure><img decoding=\"async\" src=\"https:\/\/www.lycee-valin.fr\/RJVALIN\/wp-content\/uploads\/2023\/01\/2e-page-diapo-Cedric-1024x524.png\" alt=\"\"><p><\/p>\n<figcaption>Orientation \/ SVT Cosson-Coche<\/figcaption>\n<\/figure>\n<p>\n\n\n<p><\/p>\n\n\n<\/p>\n<p>Le deuxi\u00e8me passe en revue une grande quantit\u00e9 de m\u00e9tiers et de fili\u00e8res envisageables avec les SVT. Vous cliquez sur les post &#8216;It et vous obtenez le descriptif des formations possibles, avec la combinaison des autres sp\u00e9cialit\u00e9s, associ\u00e9es aux SVT, qui vous ouvrent les portes vers diff\u00e9rents m\u00e9tiers.<\/p>\n<p>\n\n\n<p><\/p>\n\n\n<\/p>\n<p>Lien vers le Genially : <a href=\"https:\/\/view.genial.ly\/632b5c773b4f780011b69a76\" target=\"_blank\" rel=\"noreferrer noopener\" data-type=\"URL\" data-id=\"https:\/\/view.genial.ly\/632b5c773b4f780011b69a76\">https:\/\/view.genial.ly\/632b5c773b4f780011b69a76<\/a><\/p>\n<p>\n\n\n<p><\/p>\n\n\n<\/p>\n<figure><img decoding=\"async\" src=\"https:\/\/www.lycee-valin.fr\/RJVALIN\/wp-content\/uploads\/2023\/01\/2e-page-diapo-Anne-So-1024x556.png\" alt=\"\"><p><\/p>\n<\/figure>\n<figure>\n<figcaption>Orientation \/ SVT Jasmin<\/figcaption>\n<\/figure>\n<p>\n\n\n<p><\/p>\n<p>N&#8217;h\u00e9sitez pas \u00e0 poser des questions aux enseignants de SVT si besoin.<\/p>\n<p><\/p>\n<p>Un biologiste, <b>Marc-Andr\u00e9 Selosse<\/b>, vous explique \u00e9galement \u00e0 travers un article et une vid\u00e9o l&#8217;importance des SVT dans le monde de demain.<\/p>\n<p>Lien vers l&#8217;article de presse :&nbsp;<a href=\"https:\/\/ent-apbg.org\/docs\/ChoisirSVT_choisir_societe_demain.pdf\">https:\/\/ent-apbg.org\/docs\/ChoisirSVT_choisir_societe_demain.pdf<\/a><\/p>\n<p>Lien vers l&#8217;interview de Marc Selosse :&nbsp;<a href=\"https:\/\/www.youtube.com\/watch?v=KY3eOAnMswQ\">https:\/\/www.youtube.com\/watch?v=KY3eOAnMswQ<\/a><\/p>\n<p><\/p>\n\n\n<hr class=\"wp-block-separator has-alpha-channel-opacity\"\/>\n\n\n<div class=\"TypologyArticle__BlockContainer-sc-1vro4tp-0 gQKWhn\">\n<div>\n<div>\u00a0<\/div>\n<div class=\"TypologyArticle__BlockHeadline-sc-1vro4tp-6\"><span style=\"color: #ff0000;\"><strong><span class=\"TypologyArticle__BlockLabel-sc-1vro4tp-28 bHhkCH\">Le fil vert<\/span><\/strong><\/span><\/div>\n<div class=\"TypologyArticle__BlockHeadline-sc-1vro4tp-6 bUjzGf\">\n<h1 class=\"TypologyArticle__BlockTitleHeadline-sc-1vro4tp-7 joNfAl\">\u00abChoisir les SVT au lyc\u00e9e, c\u2019est choisir une autre soci\u00e9t\u00e9 demain\u00bb<\/h1>\n<\/div>\n<\/div>\n<div class=\"article-dossier | margin-sm-bottom breakout_left closed\">\n<div class=\"article-dossier-header | hover_cursor_pointer padding-xs-top padding-xs-bottom padding-md-right padding-md-left border_all border_solid border_color_grey_2\">Pour le biologiste Marc-Andr\u00e9 Selosse, les sciences de la vie et de la Terre ne sont pas assez consid\u00e9r\u00e9es, alors qu&#8217;elles peuvent nous permettre de r\u00e9pondre aux crises environnementales et sanitaires.<\/div>\n<div>\u00a0<\/div>\n<\/div>\n<\/div>\n<figure class=\"lead-art-wrapper\">\n<div>\n<div class=\"sc-lbOyJj hPsta-D\"><img decoding=\"async\" class=\"sc-ckMVTt hvBgzC\" src=\"https:\/\/www.liberation.fr\/resizer\/27DHhXyYDUinoIQwQUyKRjlV5uI=\/768x0\/filters:format(jpg):quality(70)\/cloudfront-eu-central-1.images.arcpublishing.com\/liberation\/3A5K6CT6NARSIFGZHRWEPEFBIQ.jpg\" width=\"768px\" height=\"0px\" \/><\/div>\n<\/div>\n<figcaption>\n<p class=\"ImageMetadata__MetadataParagraph-sc-1gn0vty-0 dkGqa-d image-metadata\">(Peter Cade\/Photo Peter Cade. Getty Images)<\/p>\n<\/figcaption>\n<\/figure>\n<p><span class=\"font_xs display_block link_primary-color margin-xs-bottom\">par\u00a0<a href=\"https:\/\/www.liberation.fr\/auteur\/coralie-schaub\/\">Coralie Schaub<\/a><\/span><\/p>\n<div class=\"grid grid_row\">\n<div class=\"font_xs color_grey margin-xxs-right font_tertiary header-date\">publi\u00e9 le 20 mars 2020 \u00e0 10h02<\/div>\n<div class=\"font_xs color_grey margin-xxs-right font_tertiary header-date\">\u00a0<\/div>\n<\/div>\n<div class=\"StickyAd-sc-13mlfjx-0\">\n<div id=\"lazy_66295\">\n<div id=\"Pave-Haut2-Desktop_322982_wrapper\">\n<div class=\"AdLayout-sc-23g9kx-0 iIfyIz\">\u00a0<\/div>\n<\/div>\n<\/div>\n<\/div>\n\n\n<p><\/p>\n\n\n\n<hr class=\"wp-block-separator has-alpha-channel-opacity\"\/>\n\n\n\n<p>Liens des articles li\u00e9s \u00e0 cette cat\u00e9gorie<\/p>\n\n\n<ul class=\"wp-block-latest-posts__list has-dates has-author wp-block-latest-posts\"><li><a class=\"wp-block-latest-posts__post-title\" href=\"https:\/\/www.lycee-valin.fr\/RJVALIN\/participation-deleves-de-seconde-13-au-dispositif-academique-ocean-climat-graines-de-reporters-scientifiques\/\">Participation d&#8217;\u00e9l\u00e8ves de Seconde 13 au dispositif acad\u00e9mique \u00ab Oc\u00e9an &#038; Climat, Graines de Reporters Scientifiques \u00bb<\/a><div class=\"wp-block-latest-posts__post-author\">par WILFRID GROSSIN<\/div><time datetime=\"2023-05-24T11:20:00+02:00\" class=\"wp-block-latest-posts__post-date\">24 mai 2023<\/time><\/li>\n<\/ul>\n\n<form role=\"search\" method=\"get\" action=\"https:\/\/www.lycee-valin.fr\/RJVALIN\/\" class=\"wp-block-search__button-outside wp-block-search__icon-button wp-block-search\"    ><label class=\"wp-block-search__label\" for=\"wp-block-search__input-1\" >Rechercher un autre article<\/label><div class=\"wp-block-search__inside-wrapper\" ><input class=\"wp-block-search__input\" id=\"wp-block-search__input-1\" placeholder=\"\" value=\"\" type=\"search\" name=\"s\" required \/><button aria-label=\"Rechercher\" class=\"wp-block-search__button has-icon wp-element-button\" type=\"submit\" ><svg class=\"search-icon\" viewBox=\"0 0 24 24\" width=\"24\" height=\"24\">\n\t\t\t\t\t<path d=\"M13 5c-3.3 0-6 2.7-6 6 0 1.4.5 2.7 1.3 3.7l-3.8 3.8 1.1 1.1 3.8-3.8c1 .8 2.3 1.3 3.7 1.3 3.3 0 6-2.7 6-6S16.3 5 13 5zm0 10.5c-2.5 0-4.5-2-4.5-4.5s2-4.5 4.5-4.5 4.5 2 4.5 4.5-2 4.5-4.5 4.5z\"><\/path>\n\t\t\t\t<\/svg><\/button><\/div><\/form><div class='watch-action'><div class='watch-position align-left'><div class='action-like'><a class='lbg-style3 like-3452 jlk' href='javascript:void(0)' data-task='like' data-post_id='3452' data-nonce='6a8f42ef85' rel='nofollow'><img class='wti-pixel' src='https:\/\/www.lycee-valin.fr\/RJVALIN\/wp-content\/plugins\/wti-like-post\/images\/pixel.gif' title='j&#039;aime' \/><span class='lc-3452 lc'>0<\/span><\/a><\/div><\/div> <div class='status-3452 status align-left'><\/div><\/div><div class='wti-clear'><\/div>","protected":false},"excerpt":{"rendered":"<p>Pistes d\u2019orientations pour la sp\u00e9cialit\u00e9 SVT En seconde, il n&#8217;y a que 1h30 de cours hebdomadaire et pourtant, les notions de SVT sont pr\u00e9sentes et n\u00e9cessaires dans de tr\u00e8s nombreux m\u00e9tiers&#8230; L&#8217;\u00e9quipe de SVT vous <a class=\"more-link\" href=\"https:\/\/www.lycee-valin.fr\/RJVALIN\/sciences-de-la-vie-et-de-la-terre\/\">Lire plus &#8230;<\/a><\/p>\n","protected":false},"author":27,"featured_media":3454,"parent":0,"menu_order":0,"comment_status":"closed","ping_status":"closed","template":"","meta":{"footnotes":""},"class_list":["post-3452","page","type-page","status-publish","has-post-thumbnail","hentry"],"_links":{"self":[{"href":"https:\/\/www.lycee-valin.fr\/RJVALIN\/wp-json\/wp\/v2\/pages\/3452","targetHints":{"allow":["GET"]}}],"collection":[{"href":"https:\/\/www.lycee-valin.fr\/RJVALIN\/wp-json\/wp\/v2\/pages"}],"about":[{"href":"https:\/\/www.lycee-valin.fr\/RJVALIN\/wp-json\/wp\/v2\/types\/page"}],"author":[{"embeddable":true,"href":"https:\/\/www.lycee-valin.fr\/RJVALIN\/wp-json\/wp\/v2\/users\/27"}],"replies":[{"embeddable":true,"href":"https:\/\/www.lycee-valin.fr\/RJVALIN\/wp-json\/wp\/v2\/comments?post=3452"}],"version-history":[{"count":35,"href":"https:\/\/www.lycee-valin.fr\/RJVALIN\/wp-json\/wp\/v2\/pages\/3452\/revisions"}],"predecessor-version":[{"id":4980,"href":"https:\/\/www.lycee-valin.fr\/RJVALIN\/wp-json\/wp\/v2\/pages\/3452\/revisions\/4980"}],"wp:featuredmedia":[{"embeddable":true,"href":"https:\/\/www.lycee-valin.fr\/RJVALIN\/wp-json\/wp\/v2\/media\/3454"}],"wp:attachment":[{"href":"https:\/\/www.lycee-valin.fr\/RJVALIN\/wp-json\/wp\/v2\/media?parent=3452"}],"curies":[{"name":"wp","href":"https:\/\/api.w.org\/{rel}","templated":true}]}}