{"id":2506,"date":"2022-09-22T05:01:06","date_gmt":"2022-09-22T03:01:06","guid":{"rendered":"https:\/\/www.lycee-valin.fr\/RJVALIN\/?page_id=2506"},"modified":"2023-07-08T05:57:30","modified_gmt":"2023-07-08T03:57:30","slug":"lespagnol-au-lycee","status":"publish","type":"page","link":"https:\/\/www.lycee-valin.fr\/RJVALIN\/lespagnol-au-lycee\/","title":{"rendered":"L&#8217;espagnol au lyc\u00e9e"},"content":{"rendered":"\n<p><\/p>\n\n\n\n<p>L\u2019espagnol est enseign\u00e9 au lyc\u00e9e en LVB seulement.<\/p>\n\n\n\n<p><br>Par ailleurs, il existe une section euro espagnol pour des \u00e9l\u00e8ves re\u00e7us sur dossier. Cet enseignement, commenc\u00e9 en Seconde se poursuit alors en Premi\u00e8re et Terminale.<\/p>\n\n\n\n<p><br><strong>Organisation des enseignements <\/strong>(Nombre d\u2019heures par semaine): <br>Seconde g\u00e9n\u00e9rale 2h30<br>Premi\u00e8re g\u00e9n\u00e9rale 2h<br>Premi\u00e8re technologique 1h30<br>Terminale g\u00e9n\u00e9rale 2h<br>Terminale technologique 1h30<\/p>\n\n\n\n<p><strong>Le programme &#8220;Cruzando fronteras&#8221;, \u00e9change avec l\u2019Espagne<\/strong><br>Dans le cadre de l\u2019accord de coop\u00e9ration \u00e9ducative sign\u00e9e en f\u00e9vrier 2019 entre l\u2019acad\u00e9mie de Poitiers et le gouvernement de l\u2019Aragon, en Espagne, le programme <em>Cruzando fronteras <\/em>est mis en place et permet \u00e0 des \u00e9l\u00e8ves de seconde apprenant l\u2019espagnol de participer \u00e0 un \u00e9change de 5 semaines avec des \u00e9l\u00e8ves espagnols.<br>Une circulaire acad\u00e9mique ( disponible sur le site de l\u2019acad\u00e9mie de Poitiers) pr\u00e9cise les conditions pour y participer, le r\u00f4le de l\u2019\u00e9tablissement scolaire, des familles et les modalit\u00e9s financi\u00e8res.<\/p>\n\n\n\n<hr class=\"wp-block-separator has-alpha-channel-opacity\"\/>\n\n\n\n<p>Liens des articles li\u00e9s \u00e0 cette cat\u00e9gorie<\/p>\n\n\n<ul class=\"wp-block-latest-posts__list has-dates has-author wp-block-latest-posts\"><li><a class=\"wp-block-latest-posts__post-title\" href=\"https:\/\/www.lycee-valin.fr\/RJVALIN\/la-classe-de-s05-a-la-rencontre-du-roman-maneges-et-de-son-adaptation-cinematographique\/\">La classe de S05 \u00e0 la rencontre du roman &#8220;Man\u00e8ges&#8221; et de son adaptation cin\u00e9matographique<\/a><div class=\"wp-block-latest-posts__post-author\">par WILFRID GROSSIN<\/div><time datetime=\"2026-03-04T19:48:46+01:00\" class=\"wp-block-latest-posts__post-date\">4 mars 2026<\/time><\/li>\n<li><a class=\"wp-block-latest-posts__post-title\" href=\"https:\/\/www.lycee-valin.fr\/RJVALIN\/joute-de-traduction-en-espagnol-en-presence-de-lauteur-traduit-eduardo-berti\/\">Joute de traduction en espagnol en pr\u00e9sence de l&#8217;auteur traduit Eduardo Berti<\/a><div class=\"wp-block-latest-posts__post-author\">par Charlotte DAVID<\/div><time datetime=\"2025-01-20T11:02:15+01:00\" class=\"wp-block-latest-posts__post-date\">20 janvier 2025<\/time><\/li>\n<li><a class=\"wp-block-latest-posts__post-title\" href=\"https:\/\/www.lycee-valin.fr\/RJVALIN\/vitoria-capitale-verte-du-pays-basque-espagnol\/\">Vitoria, capitale verte du pays basque espagnol<\/a><div class=\"wp-block-latest-posts__post-author\">par Stephane Lucas<\/div><time datetime=\"2023-10-19T16:01:39+02:00\" class=\"wp-block-latest-posts__post-date\">19 octobre 2023<\/time><\/li>\n<li><a class=\"wp-block-latest-posts__post-title\" href=\"https:\/\/www.lycee-valin.fr\/RJVALIN\/sejour-erasmus-a-vitoria\/\">Sejour Erasmus + \u00e0 VITORIA<\/a><div class=\"wp-block-latest-posts__post-author\">par Stephane Lucas<\/div><time datetime=\"2023-10-19T10:23:11+02:00\" class=\"wp-block-latest-posts__post-date\">19 octobre 2023<\/time><\/li>\n<li><a class=\"wp-block-latest-posts__post-title\" href=\"https:\/\/www.lycee-valin.fr\/RJVALIN\/les-eleves-de-premiere-lvb-espagnol-aux-bassins-de-lumieres-a-bordeaux\/\">Exp\u00e9riences immersives des \u00e9l\u00e8ves de premi\u00e8re LVB espagnol aux Bassins des lumi\u00e8res \u00e0 Bordeaux<\/a><div class=\"wp-block-latest-posts__post-author\">par aurelia senanne<\/div><time datetime=\"2023-05-16T22:48:15+02:00\" class=\"wp-block-latest-posts__post-date\">16 mai 2023<\/time><\/li>\n<\/ul>\n\n<form role=\"search\" method=\"get\" action=\"https:\/\/www.lycee-valin.fr\/RJVALIN\/\" class=\"wp-block-search__button-outside wp-block-search__icon-button wp-block-search\"    ><label class=\"wp-block-search__label\" for=\"wp-block-search__input-1\" >Rechercher un autre article<\/label><div class=\"wp-block-search__inside-wrapper\" ><input class=\"wp-block-search__input\" id=\"wp-block-search__input-1\" placeholder=\"\" value=\"\" type=\"search\" name=\"s\" required \/><button aria-label=\"Rechercher\" class=\"wp-block-search__button has-icon wp-element-button\" type=\"submit\" ><svg class=\"search-icon\" viewBox=\"0 0 24 24\" width=\"24\" height=\"24\">\n\t\t\t\t\t<path d=\"M13 5c-3.3 0-6 2.7-6 6 0 1.4.5 2.7 1.3 3.7l-3.8 3.8 1.1 1.1 3.8-3.8c1 .8 2.3 1.3 3.7 1.3 3.3 0 6-2.7 6-6S16.3 5 13 5zm0 10.5c-2.5 0-4.5-2-4.5-4.5s2-4.5 4.5-4.5 4.5 2 4.5 4.5-2 4.5-4.5 4.5z\"><\/path>\n\t\t\t\t<\/svg><\/button><\/div><\/form><div class='watch-action'><div class='watch-position align-left'><div class='action-like'><a class='lbg-style3 like-2506 jlk' href='javascript:void(0)' data-task='like' data-post_id='2506' data-nonce='81955317c8' rel='nofollow'><img class='wti-pixel' src='https:\/\/www.lycee-valin.fr\/RJVALIN\/wp-content\/plugins\/wti-like-post\/images\/pixel.gif' title='j&#039;aime' \/><span class='lc-2506 lc'>0<\/span><\/a><\/div><\/div> <div class='status-2506 status align-left'><\/div><\/div><div class='wti-clear'><\/div>","protected":false},"excerpt":{"rendered":"<p>L\u2019espagnol est enseign\u00e9 au lyc\u00e9e en LVB seulement. Par ailleurs, il existe une section euro espagnol pour des \u00e9l\u00e8ves re\u00e7us sur dossier. Cet enseignement, commenc\u00e9 en Seconde se poursuit alors en Premi\u00e8re et Terminale. Organisation <a class=\"more-link\" href=\"https:\/\/www.lycee-valin.fr\/RJVALIN\/lespagnol-au-lycee\/\">Lire plus &#8230;<\/a><\/p>\n","protected":false},"author":38,"featured_media":2542,"parent":0,"menu_order":0,"comment_status":"closed","ping_status":"closed","template":"","meta":{"footnotes":""},"class_list":["post-2506","page","type-page","status-publish","has-post-thumbnail","hentry"],"_links":{"self":[{"href":"https:\/\/www.lycee-valin.fr\/RJVALIN\/wp-json\/wp\/v2\/pages\/2506","targetHints":{"allow":["GET"]}}],"collection":[{"href":"https:\/\/www.lycee-valin.fr\/RJVALIN\/wp-json\/wp\/v2\/pages"}],"about":[{"href":"https:\/\/www.lycee-valin.fr\/RJVALIN\/wp-json\/wp\/v2\/types\/page"}],"author":[{"embeddable":true,"href":"https:\/\/www.lycee-valin.fr\/RJVALIN\/wp-json\/wp\/v2\/users\/38"}],"replies":[{"embeddable":true,"href":"https:\/\/www.lycee-valin.fr\/RJVALIN\/wp-json\/wp\/v2\/comments?post=2506"}],"version-history":[{"count":3,"href":"https:\/\/www.lycee-valin.fr\/RJVALIN\/wp-json\/wp\/v2\/pages\/2506\/revisions"}],"predecessor-version":[{"id":4897,"href":"https:\/\/www.lycee-valin.fr\/RJVALIN\/wp-json\/wp\/v2\/pages\/2506\/revisions\/4897"}],"wp:featuredmedia":[{"embeddable":true,"href":"https:\/\/www.lycee-valin.fr\/RJVALIN\/wp-json\/wp\/v2\/media\/2542"}],"wp:attachment":[{"href":"https:\/\/www.lycee-valin.fr\/RJVALIN\/wp-json\/wp\/v2\/media?parent=2506"}],"curies":[{"name":"wp","href":"https:\/\/api.w.org\/{rel}","templated":true}]}}