{"id":1972,"date":"2022-09-01T04:43:34","date_gmt":"2022-09-01T02:43:34","guid":{"rendered":"https:\/\/meteo.lycee-valin.fr\/?page_id=1972"},"modified":"2026-04-02T11:09:22","modified_gmt":"2026-04-02T09:09:22","slug":"dnl-espagnol","status":"publish","type":"page","link":"https:\/\/www.lycee-valin.fr\/RJVALIN\/dnl-espagnol\/","title":{"rendered":"Section europ\u00e9enne espagnol"},"content":{"rendered":"\n<hr class=\"wp-block-separator has-alpha-channel-opacity\"\/>\n\n\n\n<p><strong>Pourquoi une classe europ\u00e9enne en SES (Sciences \u00e9conomiques et sociales) ?<\/strong><\/p>\n\n\n\n<ul class=\"wp-block-list\">\n<li>Car cette discipline du tronc commun permet d\u2019aborder des sujets vari\u00e9s li\u00e9s \u00e0 l\u2019\u00e9conomie, la sociologie, la science politique, l\u2019histoire \u00e9conomique et sociale, la psychologie sociale, le droit, etc\u2026 Elle permet ainsi l\u2019acquisition d\u2019une solide culture g\u00e9n\u00e9rale dans les sciences humaines.<\/li>\n\n\n\n<li>Le croisement de ces divers sujets vise une compr\u00e9hension des enjeux \u00e9conomiques et sociaux du monde contemporain, \u00e0 travers la transmission de savoirs et la formation d\u2019un esprit critique. Elle permet ainsi une approche comparative des soci\u00e9t\u00e9s fran\u00e7aises et espagnoles.<\/li>\n<\/ul>\n\n\n\n<p><strong>Comment s\u2019organisent les cours de classe europ\u00e9enne en SES ?<\/strong><\/p>\n\n\n\n<p>&nbsp;&nbsp;&nbsp;&nbsp;&nbsp;&nbsp;&nbsp;&nbsp;&nbsp;&nbsp;&nbsp; En plus des&nbsp;<strong><u>2h30<\/u><\/strong>&nbsp;du programme d\u2019espagnol,&nbsp;<strong><u>2 heures&nbsp;<\/u><\/strong>suppl\u00e9mentaires sont consacr\u00e9es \u00e0 un apprentissage renforc\u00e9 et \u00e0 la d\u00e9couverte de la culture hispanique :<\/p>\n\n\n\n<ul class=\"wp-block-list\">\n<li>1 heure avec le professeur d\u2019espagnol<\/li>\n\n\n\n<li>1 heure avec le professeur de SES en langue espagnole<\/li>\n<\/ul>\n\n\n\n<p><strong>Pourquoi choisir la classe Euro en espagnol ?<\/strong><\/p>\n\n\n\n<ul class=\"wp-block-list\">\n<li>Pour approfondir une langue parl\u00e9e dans 21 pays et par plus de 550 millions de personnes dans le monde.<\/li>\n\n\n\n<li>Pour \u00e9tudier de mani\u00e8re diff\u00e9rente, en mettant en pratique la langue \u00e9trang\u00e8re en SES.<\/li>\n\n\n\n<li>Pour am\u00e9liorer sa ma\u00eetrise de l\u2019espagnol mais aussi \u00e9tendre sa culture g\u00e9n\u00e9rale et d\u00e9velopper sa r\u00e9flexion, sa curiosit\u00e9, son ouverture d\u2019esprit.<\/li>\n<\/ul>\n\n\n\n<p><strong>Les crit\u00e8res de s\u00e9lection<\/strong><\/p>\n\n\n\n<ul class=\"wp-block-list\">\n<li>La motivation et l\u2019int\u00e9r\u00eat port\u00e9 par l\u2019\u00e9l\u00e8ve \u00e0 la culture hispanique et \u00e0 l\u2019espagnol sont les principaux crit\u00e8res d\u2019admission.&nbsp;<\/li>\n\n\n\n<li>Feront aussi l\u2019objet d\u2019une attention particuli\u00e8re le niveau g\u00e9n\u00e9ral de l\u2019\u00e9l\u00e8ve, la participation et les r\u00e9sultats obtenus dans les mati\u00e8res comme l\u2019histoire g\u00e9ographie, le fran\u00e7ais et l\u2019anglais.<\/li>\n<\/ul>\n\n\n\n<p><strong>Les attendus&nbsp;<\/strong><\/p>\n\n\n\n<ul class=\"wp-block-list\">\n<li>Du s\u00e9rieux et de la motivation<\/li>\n\n\n\n<li>Une participation active<\/li>\n\n\n\n<li>De l\u2019engagement en classe et \u00e0 la maison pendant les 3 ann\u00e9es de lyc\u00e9e<\/li>\n<\/ul>\n\n\n\n<p><strong>La validation<\/strong><\/p>\n\n\n\n<p>Sous r\u00e9serve de la r\u00e9ussite d\u2019une \u00e9preuve sp\u00e9cifique en terminale, les \u00e9l\u00e8ves obtiennent \u00e0 la fin de leur scolarit\u00e9 au lyc\u00e9e, le baccalaur\u00e9at \u00ab&nbsp;Mention Europ\u00e9enne&nbsp;\u00bb.<\/p>\n\n\n\n<p><strong>Le Post bac<\/strong><\/p>\n\n\n\n<p>Avec le nouveau dispositif \u00ab&nbsp;Parcours sup&nbsp;\u00bb, nos \u00e9l\u00e8ves peuvent valoriser leur parcours sp\u00e9cifique d\u2019\u00e9l\u00e8ves de section europ\u00e9enne (en liaison entre autres, avec le contenu de leur lettre de motivation).<\/p>\n\n\n\n<p><strong>La certification<\/strong><\/p>\n\n\n\n<p>C\u2019est un dipl\u00f4me qui atteste de diff\u00e9rents niveaux de comp\u00e9tence et de maitrise de la langue espagnole. D\u00e9livr\u00e9 par l\u2019Instituto Cervantes, au nom de l\u2019Etat espagnol, il permet d\u2019obtenir une attestation officielle du niveau B1 (ou A2) du CECRL et est gratuit pour les \u00e9l\u00e8ves de section europ\u00e9enne. Les \u00e9preuves sont organis\u00e9es en milieu d\u2019ann\u00e9e de seconde par les professeurs de langue du lyc\u00e9e.<\/p>\n\n\n\n<p><\/p>\n\n\n\n<p><strong>Fiche de candidature \u00e0 t\u00e9l\u00e9charger<\/strong><\/p>\n\n\n\n<p><\/p>\n\n\n\n<div data-wp-interactive=\"core\/file\" class=\"wp-block-file\"><object data-wp-bind--hidden=\"!state.hasPdfPreview\" hidden class=\"wp-block-file__embed\" data=\"https:\/\/www.lycee-valin.fr\/RJVALIN\/wp-content\/uploads\/2026\/04\/03a_Fiche_Candidature_2GT_section_europeenne_R2026-1-2.pdf\" type=\"application\/pdf\" style=\"width:100%;height:600px\" aria-label=\"Contenu embarqu\u00e9 03a_Fiche_Candidature_2GT_section_europeenne_R2026-1.\"><\/object><a id=\"wp-block-file--media-c64ff830-fac3-4997-ace9-0239888245ac\" href=\"https:\/\/www.lycee-valin.fr\/RJVALIN\/wp-content\/uploads\/2026\/04\/03a_Fiche_Candidature_2GT_section_europeenne_R2026-1-2.pdf\">03a_Fiche_Candidature_2GT_section_europeenne_R2026-1<\/a><a href=\"https:\/\/www.lycee-valin.fr\/RJVALIN\/wp-content\/uploads\/2026\/04\/03a_Fiche_Candidature_2GT_section_europeenne_R2026-1-2.pdf\" class=\"wp-block-file__button wp-element-button\" download aria-describedby=\"wp-block-file--media-c64ff830-fac3-4997-ace9-0239888245ac\">T\u00e9l\u00e9charger<\/a><\/div>\n\n\n\n<hr class=\"wp-block-separator has-alpha-channel-opacity\"\/>\n\n\n\n<p>Liens des articles li\u00e9s \u00e0 cette cat\u00e9gorie<\/p>\n\n\n<ul class=\"wp-block-latest-posts__list has-dates has-author wp-block-latest-posts\"><li><a class=\"wp-block-latest-posts__post-title\" href=\"https:\/\/www.lycee-valin.fr\/RJVALIN\/la-classe-de-s05-a-la-rencontre-du-roman-maneges-et-de-son-adaptation-cinematographique\/\">La classe de S05 \u00e0 la rencontre du roman &#8220;Man\u00e8ges&#8221; et de son adaptation cin\u00e9matographique<\/a><div class=\"wp-block-latest-posts__post-author\">par WILFRID GROSSIN<\/div><time datetime=\"2026-03-04T19:48:46+01:00\" class=\"wp-block-latest-posts__post-date\">4 mars 2026<\/time><\/li>\n<li><a class=\"wp-block-latest-posts__post-title\" href=\"https:\/\/www.lycee-valin.fr\/RJVALIN\/joute-de-traduction-en-espagnol-en-presence-de-lauteur-traduit-eduardo-berti\/\">Joute de traduction en espagnol en pr\u00e9sence de l&#8217;auteur traduit Eduardo Berti<\/a><div class=\"wp-block-latest-posts__post-author\">par Charlotte DAVID<\/div><time datetime=\"2025-01-20T11:02:15+01:00\" class=\"wp-block-latest-posts__post-date\">20 janvier 2025<\/time><\/li>\n<li><a class=\"wp-block-latest-posts__post-title\" href=\"https:\/\/www.lycee-valin.fr\/RJVALIN\/vitoria-capitale-verte-du-pays-basque-espagnol\/\">Vitoria, capitale verte du pays basque espagnol<\/a><div class=\"wp-block-latest-posts__post-author\">par Stephane Lucas<\/div><time datetime=\"2023-10-19T16:01:39+02:00\" class=\"wp-block-latest-posts__post-date\">19 octobre 2023<\/time><\/li>\n<li><a class=\"wp-block-latest-posts__post-title\" href=\"https:\/\/www.lycee-valin.fr\/RJVALIN\/sejour-erasmus-a-vitoria\/\">Sejour Erasmus + \u00e0 VITORIA<\/a><div class=\"wp-block-latest-posts__post-author\">par Stephane Lucas<\/div><time datetime=\"2023-10-19T10:23:11+02:00\" class=\"wp-block-latest-posts__post-date\">19 octobre 2023<\/time><\/li>\n<li><a class=\"wp-block-latest-posts__post-title\" href=\"https:\/\/www.lycee-valin.fr\/RJVALIN\/les-eleves-de-premiere-lvb-espagnol-aux-bassins-de-lumieres-a-bordeaux\/\">Exp\u00e9riences immersives des \u00e9l\u00e8ves de premi\u00e8re LVB espagnol aux Bassins des lumi\u00e8res \u00e0 Bordeaux<\/a><div class=\"wp-block-latest-posts__post-author\">par aurelia senanne<\/div><time datetime=\"2023-05-16T22:48:15+02:00\" class=\"wp-block-latest-posts__post-date\">16 mai 2023<\/time><\/li>\n<li><a class=\"wp-block-latest-posts__post-title\" href=\"https:\/\/www.lycee-valin.fr\/RJVALIN\/rencontre-deleves-de-premiere-avec-lecrivain-olivier-liron\/\">Rencontre d&#8217;\u00e9l\u00e8ves de Premi\u00e8re avec l&#8217;\u00e9crivain Olivier Liron<\/a><div class=\"wp-block-latest-posts__post-author\">par aurelia senanne<\/div><time datetime=\"2023-05-01T15:32:24+02:00\" class=\"wp-block-latest-posts__post-date\">1 mai 2023<\/time><\/li>\n<li><a class=\"wp-block-latest-posts__post-title\" href=\"https:\/\/www.lycee-valin.fr\/RJVALIN\/sortie-pedagogique-des-eleves-de-premiere-lvb-espagnol-a-bordeaux\/\">Sortie p\u00e9dagogique des \u00e9l\u00e8ves de premi\u00e8re LVB Espagnol \u00e0 Bordeaux<\/a><div class=\"wp-block-latest-posts__post-author\">par aurelia senanne<\/div><time datetime=\"2023-01-26T15:12:35+01:00\" class=\"wp-block-latest-posts__post-date\">26 janvier 2023<\/time><\/li>\n<\/ul>\n\n<form role=\"search\" method=\"get\" action=\"https:\/\/www.lycee-valin.fr\/RJVALIN\/\" class=\"wp-block-search__button-outside wp-block-search__icon-button wp-block-search\"    ><label class=\"wp-block-search__label\" for=\"wp-block-search__input-1\" >Rechercher un autre article<\/label><div class=\"wp-block-search__inside-wrapper\" ><input class=\"wp-block-search__input\" id=\"wp-block-search__input-1\" placeholder=\"\" value=\"\" type=\"search\" name=\"s\" required \/><button aria-label=\"Rechercher\" class=\"wp-block-search__button has-icon wp-element-button\" type=\"submit\" ><svg class=\"search-icon\" viewBox=\"0 0 24 24\" width=\"24\" height=\"24\">\n\t\t\t\t\t<path d=\"M13 5c-3.3 0-6 2.7-6 6 0 1.4.5 2.7 1.3 3.7l-3.8 3.8 1.1 1.1 3.8-3.8c1 .8 2.3 1.3 3.7 1.3 3.3 0 6-2.7 6-6S16.3 5 13 5zm0 10.5c-2.5 0-4.5-2-4.5-4.5s2-4.5 4.5-4.5 4.5 2 4.5 4.5-2 4.5-4.5 4.5z\"><\/path>\n\t\t\t\t<\/svg><\/button><\/div><\/form><div class='watch-action'><div class='watch-position align-left'><div class='action-like'><a class='lbg-style3 like-1972 jlk' href='javascript:void(0)' data-task='like' data-post_id='1972' data-nonce='a58e9a3d12' rel='nofollow'><img class='wti-pixel' src='https:\/\/www.lycee-valin.fr\/RJVALIN\/wp-content\/plugins\/wti-like-post\/images\/pixel.gif' title='j&#039;aime' \/><span class='lc-1972 lc'>0<\/span><\/a><\/div><\/div> <div class='status-1972 status align-left'><\/div><\/div><div class='wti-clear'><\/div>","protected":false},"excerpt":{"rendered":"<p>Pourquoi une classe europ\u00e9enne en SES (Sciences \u00e9conomiques et sociales) ? Comment s\u2019organisent les cours de classe europ\u00e9enne en SES ? &nbsp;&nbsp;&nbsp;&nbsp;&nbsp;&nbsp;&nbsp;&nbsp;&nbsp;&nbsp;&nbsp; En plus des&nbsp;2h30&nbsp;du programme d\u2019espagnol,&nbsp;2 heures&nbsp;suppl\u00e9mentaires sont consacr\u00e9es \u00e0 un apprentissage renforc\u00e9 et <a class=\"more-link\" href=\"https:\/\/www.lycee-valin.fr\/RJVALIN\/dnl-espagnol\/\">Lire plus &#8230;<\/a><\/p>\n","protected":false},"author":1,"featured_media":2541,"parent":0,"menu_order":0,"comment_status":"closed","ping_status":"closed","template":"elementor_theme","meta":{"footnotes":""},"class_list":["post-1972","page","type-page","status-publish","has-post-thumbnail","hentry"],"_links":{"self":[{"href":"https:\/\/www.lycee-valin.fr\/RJVALIN\/wp-json\/wp\/v2\/pages\/1972","targetHints":{"allow":["GET"]}}],"collection":[{"href":"https:\/\/www.lycee-valin.fr\/RJVALIN\/wp-json\/wp\/v2\/pages"}],"about":[{"href":"https:\/\/www.lycee-valin.fr\/RJVALIN\/wp-json\/wp\/v2\/types\/page"}],"author":[{"embeddable":true,"href":"https:\/\/www.lycee-valin.fr\/RJVALIN\/wp-json\/wp\/v2\/users\/1"}],"replies":[{"embeddable":true,"href":"https:\/\/www.lycee-valin.fr\/RJVALIN\/wp-json\/wp\/v2\/comments?post=1972"}],"version-history":[{"count":8,"href":"https:\/\/www.lycee-valin.fr\/RJVALIN\/wp-json\/wp\/v2\/pages\/1972\/revisions"}],"predecessor-version":[{"id":8735,"href":"https:\/\/www.lycee-valin.fr\/RJVALIN\/wp-json\/wp\/v2\/pages\/1972\/revisions\/8735"}],"wp:featuredmedia":[{"embeddable":true,"href":"https:\/\/www.lycee-valin.fr\/RJVALIN\/wp-json\/wp\/v2\/media\/2541"}],"wp:attachment":[{"href":"https:\/\/www.lycee-valin.fr\/RJVALIN\/wp-json\/wp\/v2\/media?parent=1972"}],"curies":[{"name":"wp","href":"https:\/\/api.w.org\/{rel}","templated":true}]}}