{"id":172,"date":"2022-05-25T13:22:04","date_gmt":"2022-05-25T11:22:04","guid":{"rendered":"https:\/\/www.lycee-valin.fr\/RJVALIN\/?page_id=172"},"modified":"2023-07-13T04:50:20","modified_gmt":"2023-07-13T02:50:20","slug":"classe-de-seconde","status":"publish","type":"page","link":"https:\/\/www.lycee-valin.fr\/RJVALIN\/classe-de-seconde\/","title":{"rendered":"Classe de seconde"},"content":{"rendered":"\n<h3 class=\"wp-block-heading\"><strong>La classe de Seconde \u2013 rentr\u00e9e 2022<\/strong><\/h3>\n\n\n\n<p>La classe de Seconde est l\u2019ann\u00e9e qui conduit les \u00e9l\u00e8ves au cycle terminal du lyc\u00e9e menant au baccalaur\u00e9at g\u00e9n\u00e9ral ou technologique selon son choix.<br>Elle est con\u00e7ue pour permettre aux \u00e9l\u00e8ves de consolider leur ma\u00eetrise du socle commun de connaissances, de comp\u00e9tences et de culture afin de r\u00e9ussir la transition du coll\u00e8ge au lyc\u00e9e.<br>Elle les pr\u00e9pare \u00e0 d\u00e9terminer leur choix d\u2019un parcours d\u2019orientation au sein du cycle terminal jusqu\u2019au baccalaur\u00e9at g\u00e9n\u00e9ral ou technologique dans l\u2019objectif d\u2019une poursuite d\u2019\u00e9tudes sup\u00e9rieures r\u00e9ussie et, au-del\u00e0, d\u2019une insertion professionnelle.<\/p>\n\n\n\n<p>Les enseignements de la classe de seconde comprennent des&nbsp;<strong>enseignements<\/strong>&nbsp;<strong>communs<\/strong>&nbsp;dispens\u00e9s \u00e0 tous les \u00e9l\u00e8ves et des&nbsp;<strong>enseignements optionnels<\/strong>.<\/p>\n\n\n\n<h3 class=\"wp-block-heading\">Tableau<\/h3>\n\n\n\n<figure class=\"wp-block-table\"><table><tbody><tr><td><strong>Enseignements<\/strong>&nbsp;<strong>Communs<\/strong><\/td><td><strong>Horaire \u00e9l\u00e8ve<\/strong><\/td><\/tr><tr><td>Fran\u00e7ais<\/td><td>4H00<\/td><\/tr><tr><td>Histoire-G\u00e9ographie<\/td><td>3H00<\/td><\/tr><tr><td>Langue vivante A + langue vivante B<\/td><td>5H30<\/td><\/tr><tr><td>Education Physique et Sportive<\/td><td>2H00<\/td><\/tr><tr><td>Math\u00e9matiques<\/td><td>4H00<\/td><\/tr><tr><td>Physique-Chimie<\/td><td>3H00<\/td><\/tr><tr><td>Sciences et Vie de la Terre<\/td><td>1h30<\/td><\/tr><tr><td>Sciences Economiques et Sociales (SES)<\/td><td>1H30<\/td><\/tr><tr><td>Sciences num\u00e9riques et technologie<\/td><td>1H30<\/td><\/tr><tr><td>Enseignement Moral et Civique<\/td><td>0H30<\/td><\/tr><\/tbody><\/table><\/figure>\n\n\n\n<p><strong>Les \u00e9l\u00e8ves peuvent choisir au plus deux enseignements optionnels facultatifs selon les modalit\u00e9s suivantes&nbsp;:<\/strong><\/p>\n\n\n\n<p><img decoding=\"async\" src=\"https:\/\/lycee-valin.fr\/spip\/squelettes-dist\/puce.gif\" alt=\"-\" width=\"8\" height=\"11\">&nbsp;un enseignement optionnel g\u00e9n\u00e9ral de 3 heures par semaine choisi parmi&nbsp;:<strong>&nbsp;Arts plastiques \u2013 Th\u00e9\u00e2tre &#8211; Latin.<\/strong><\/p>\n\n\n\n<p><img decoding=\"async\" src=\"https:\/\/lycee-valin.fr\/spip\/squelettes-dist\/puce.gif\" alt=\"-\" width=\"8\" height=\"11\">&nbsp;un enseignement optionnel technologique de 1h30 par semaine choisi parmi&nbsp;:&nbsp;<strong>Sant\u00e9-Social &#8211; Biotechnologies<br><\/strong>Voir tableau ci-dessous pour le contenu de ces options :<\/p>\n\n\n\n<figure class=\"wp-block-table\"><table><tbody><tr><td><strong><em><strong>Sant\u00e9-Social<\/strong><\/em><\/strong><br>Cet enseignement vise \u00e0 permettre aux \u00e9l\u00e8ves de tester leurs go\u00fbts et aptitudes pour les questions sanitaires ou sociales primordiales dans notre soci\u00e9t\u00e9.<br>Cet enseignement est recommand\u00e9, mais pas obligatoire, pour les \u00e9l\u00e8ves qui envisagent la pr\u00e9paration du Bac technologique ST2S.<br>Les activit\u00e9s men\u00e9es sur diff\u00e9rents th\u00e8mes&nbsp;:<br>d\u00e9velopperont leur analyse<br>leur feront d\u00e9couvrir les interrelations entre l\u2019individu, la sant\u00e9 et la soci\u00e9t\u00e9 (bien-\u00eatre social, environnement\u2026)<br>favoriseront leur connaissance des domaines et activit\u00e9s professionnelles susceptibles de susciter leur int\u00e9r\u00eat en vue de faciliter les choix d\u2019orientation pour leur futur cursus scolaire.<br><strong>L\u2019enseignement optionnel Sant\u00e9 &amp; Social&nbsp;<\/strong>s\u2019effectue au travers de l\u2019\u00e9tude de documents, d\u2019outils de communication, de rencontres et dans la mesure du possible de visites sur le terrain\u2026<br>H\u00f4pital&nbsp;: Images et r\u00e9alit\u00e9s, influences, s\u00e9curit\u00e9, dimensions techniques sociologiques\u2026<br>Ages extr\u00eames de la vie&nbsp;: Probl\u00e8mes \u00e9thiques, qualit\u00e9 de vie, prise en charge\u2026<br>Action humanitaire&nbsp;: Lien sant\u00e9 contexte, importance et analyse des besoins, respect de la culture\u2026<br>Handicap au quotidien&nbsp;: Notion de besoins, n\u00e9cessit\u00e9 l\u00e9gislative, dimension psychologique, technique\u2026<br>Vivre ensemble sur un territoire&nbsp;: R\u00f4le des collectivit\u00e9s locales, mixit\u00e9 sociale\u2026<br>Accueil petite enfance&nbsp;: Analyse des besoins, aspects sociologiques, r\u00e9ponses\u2026<\/td><\/tr><tr><td><em><strong>Biotechnologies<\/strong><\/em><br>C\u2019est un enseignement&nbsp;:<br>De sciences biologiques<br>Dans des laboratoires sp\u00e9cialis\u00e9s (microbiologie, biologie humaine, biochimie)<br>En groupe r\u00e9duit, chaque \u00e9l\u00e8ve disposant d\u2019un poste de manipulations<br>Exemples d\u2019activit\u00e9s technologiques abord\u00e9es&nbsp;:<br><br><strong>&#8211;<\/strong> <strong>Domaine de la sant\u00e9&nbsp;:<\/strong>&nbsp;Diagnostic, traitement, pr\u00e9vention<br>Exemples d\u2019analyses m\u00e9dicales prescrites par les m\u00e9decins<br>M\u00e9thodes d\u2019identification d\u2019un agent infectieux responsable d\u2019une maladie (observations microscopiques, mise en culture sur diff\u00e9rents milieux, tests d\u2019identification\u2026). Suivi de grossesse.<br><br><strong>&#8211; Domaine des Bioindustries<\/strong>&nbsp;: Industrie pharmaceutique, cosm\u00e9tique, agro-alimentaire<br>Etude de proc\u00e9d\u00e9s de fabrication utilisant des micro-organismes&nbsp;: les fermentations<br>Contr\u00f4les qualit\u00e9s en Bioindustrie Fabrication de yaourts.<br>Etudes de recherche-d\u00e9veloppement.<br>Recherche de fraudes<br>Analyse sensorielle du chocolat<br><strong><br>&#8211; Domaine de l\u2019environnement<\/strong><br>Contr\u00f4le de la qualit\u00e9 de l\u2019eau, de l\u2019air, du sol et des surfaces<br>\u00c9puration biologique<\/td><\/tr><tr><td><strong>Un enseignements optionnels de langues et cultures de l\u2019Antiquit\u00e9 &#8211; LCA<\/strong>&nbsp;&#8211;&nbsp;Latin &#8211;&nbsp;peut \u00eatre choisi en plus de ces enseignements optionnels.<\/td><\/tr><tr><td><strong>Des sections europ\u00e9ennes sont \u00e9galement propos\u00e9es en Allemand, Anglais et Espagnol<\/strong>&nbsp;, \u00e0 raison de 2 heures suppl\u00e9mentaires de la langue vivante choisie (1 heure par un professeur de langue &#8211; 1 heure par un professeur d\u2019une discipline non linguistique).<\/td><\/tr><\/tbody><\/table><\/figure>\n\n\n\n<div class=\"wp-block-group\"><div class=\"wp-block-group__inner-container is-layout-constrained wp-block-group-is-layout-constrained\">\n<div class=\"wp-block-group\"><div class=\"wp-block-group__inner-container is-layout-constrained wp-block-group-is-layout-constrained\">\n<hr class=\"wp-block-separator has-alpha-channel-opacity\"\/>\n\n\n\n<p>Liens des articles li\u00e9s \u00e0 cette cat\u00e9gorie<\/p>\n\n\n<ul class=\"wp-block-latest-posts__list has-dates has-author wp-block-latest-posts\"><li><a class=\"wp-block-latest-posts__post-title\" href=\"https:\/\/www.lycee-valin.fr\/RJVALIN\/participation-deleves-de-seconde-13-au-dispositif-academique-ocean-climat-graines-de-reporters-scientifiques\/\">Participation d&#8217;\u00e9l\u00e8ves de Seconde 13 au dispositif acad\u00e9mique \u00ab Oc\u00e9an &#038; Climat, Graines de Reporters Scientifiques \u00bb<\/a><div class=\"wp-block-latest-posts__post-author\">par WILFRID GROSSIN<\/div><time datetime=\"2023-05-24T11:20:00+02:00\" class=\"wp-block-latest-posts__post-date\">24 mai 2023<\/time><\/li>\n<li><a class=\"wp-block-latest-posts__post-title\" href=\"https:\/\/www.lycee-valin.fr\/RJVALIN\/section-euro-espagnol-les-eleves-de-seconde-en-echange-avec-la-ville-de-vitoria\/\">Section euro espagnol : les \u00e9l\u00e8ves de seconde en \u00e9change avec la ville de Vitoria<\/a><div class=\"wp-block-latest-posts__post-author\">par Stephane Lucas<\/div><time datetime=\"2023-01-20T17:49:00+01:00\" class=\"wp-block-latest-posts__post-date\">20 janvier 2023<\/time><\/li>\n<li><a class=\"wp-block-latest-posts__post-title\" href=\"https:\/\/www.lycee-valin.fr\/RJVALIN\/langlais-en-classe-de-seconde-au-lycee-valin\/\">L&#8217;anglais en classe de Seconde au Lyc\u00e9e Valin.<\/a><div class=\"wp-block-latest-posts__post-author\">par Mairead Fraire<\/div><time datetime=\"2022-11-24T15:13:59+01:00\" class=\"wp-block-latest-posts__post-date\">24 novembre 2022<\/time><\/li>\n<li><a class=\"wp-block-latest-posts__post-title\" href=\"https:\/\/www.lycee-valin.fr\/RJVALIN\/le-20-septembre-les-eleves-de-quatre-classes-de-seconde-se-sont-impliques-dans-la-protection-de-notre-cadre-de-vie\/\">Le 20 septembre, les \u00e9l\u00e8ves de quatre classes de seconde se sont impliqu\u00e9s dans la protection de notre cadre de vie<\/a><div class=\"wp-block-latest-posts__post-author\">par Agnes Marty<\/div><time datetime=\"2022-09-28T08:33:51+02:00\" class=\"wp-block-latest-posts__post-date\">28 septembre 2022<\/time><\/li>\n<li><a class=\"wp-block-latest-posts__post-title\" href=\"https:\/\/www.lycee-valin.fr\/RJVALIN\/comment-integrer-un-parcours-artistique-des-la-classe-de-seconde\/\">Comment int\u00e9grer un parcours artistique d\u00e8s la classe de seconde<\/a><div class=\"wp-block-latest-posts__post-author\">par Stephanie Catherine-Duchemin<\/div><time datetime=\"2022-08-31T18:51:14+02:00\" class=\"wp-block-latest-posts__post-date\">31 ao\u00fbt 2022<\/time><\/li>\n<\/ul>\n\n<form role=\"search\" method=\"get\" action=\"https:\/\/www.lycee-valin.fr\/RJVALIN\/\" class=\"wp-block-search__button-outside wp-block-search__icon-button wp-block-search\"    ><label class=\"wp-block-search__label\" for=\"wp-block-search__input-1\" >Rechercher un autre article<\/label><div class=\"wp-block-search__inside-wrapper\" ><input class=\"wp-block-search__input\" id=\"wp-block-search__input-1\" placeholder=\"\" value=\"\" type=\"search\" name=\"s\" required \/><button aria-label=\"Rechercher\" class=\"wp-block-search__button has-icon wp-element-button\" type=\"submit\" ><svg class=\"search-icon\" viewBox=\"0 0 24 24\" width=\"24\" height=\"24\">\n\t\t\t\t\t<path d=\"M13 5c-3.3 0-6 2.7-6 6 0 1.4.5 2.7 1.3 3.7l-3.8 3.8 1.1 1.1 3.8-3.8c1 .8 2.3 1.3 3.7 1.3 3.3 0 6-2.7 6-6S16.3 5 13 5zm0 10.5c-2.5 0-4.5-2-4.5-4.5s2-4.5 4.5-4.5 4.5 2 4.5 4.5-2 4.5-4.5 4.5z\"><\/path>\n\t\t\t\t<\/svg><\/button><\/div><\/form><\/div><\/div>\n<\/div><\/div>\n<div class='watch-action'><div class='watch-position align-left'><div class='action-like'><a class='lbg-style3 like-172 jlk' href='javascript:void(0)' data-task='like' data-post_id='172' data-nonce='2bd788b82a' rel='nofollow'><img class='wti-pixel' src='https:\/\/www.lycee-valin.fr\/RJVALIN\/wp-content\/plugins\/wti-like-post\/images\/pixel.gif' title='j&#039;aime' \/><span class='lc-172 lc'>0<\/span><\/a><\/div><\/div> <div class='status-172 status align-left'><\/div><\/div><div class='wti-clear'><\/div>","protected":false},"excerpt":{"rendered":"<p>La classe de Seconde \u2013 rentr\u00e9e 2022 La classe de Seconde est l\u2019ann\u00e9e qui conduit les \u00e9l\u00e8ves au cycle terminal du lyc\u00e9e menant au baccalaur\u00e9at g\u00e9n\u00e9ral ou technologique selon son choix.Elle est con\u00e7ue pour permettre <a class=\"more-link\" href=\"https:\/\/www.lycee-valin.fr\/RJVALIN\/classe-de-seconde\/\">Lire plus &#8230;<\/a><\/p>\n","protected":false},"author":1,"featured_media":0,"parent":0,"menu_order":0,"comment_status":"closed","ping_status":"closed","template":"","meta":{"footnotes":""},"class_list":["post-172","page","type-page","status-publish","hentry"],"_links":{"self":[{"href":"https:\/\/www.lycee-valin.fr\/RJVALIN\/wp-json\/wp\/v2\/pages\/172","targetHints":{"allow":["GET"]}}],"collection":[{"href":"https:\/\/www.lycee-valin.fr\/RJVALIN\/wp-json\/wp\/v2\/pages"}],"about":[{"href":"https:\/\/www.lycee-valin.fr\/RJVALIN\/wp-json\/wp\/v2\/types\/page"}],"author":[{"embeddable":true,"href":"https:\/\/www.lycee-valin.fr\/RJVALIN\/wp-json\/wp\/v2\/users\/1"}],"replies":[{"embeddable":true,"href":"https:\/\/www.lycee-valin.fr\/RJVALIN\/wp-json\/wp\/v2\/comments?post=172"}],"version-history":[{"count":12,"href":"https:\/\/www.lycee-valin.fr\/RJVALIN\/wp-json\/wp\/v2\/pages\/172\/revisions"}],"predecessor-version":[{"id":4954,"href":"https:\/\/www.lycee-valin.fr\/RJVALIN\/wp-json\/wp\/v2\/pages\/172\/revisions\/4954"}],"wp:attachment":[{"href":"https:\/\/www.lycee-valin.fr\/RJVALIN\/wp-json\/wp\/v2\/media?parent=172"}],"curies":[{"name":"wp","href":"https:\/\/api.w.org\/{rel}","templated":true}]}}